{"id":8407,"date":"2022-09-23T14:24:41","date_gmt":"2022-09-23T14:24:41","guid":{"rendered":"https:\/\/certottica.it\/privacy-policy\/"},"modified":"2022-09-23T14:24:41","modified_gmt":"2022-09-23T14:24:41","slug":"privacy-policy","status":"publish","type":"page","link":"https:\/\/certottica.it\/en\/privacy-policy\/","title":{"rendered":"Privacy policy"},"content":{"rendered":"\t\t<div data-elementor-type=\"wp-page\" data-elementor-id=\"8407\" class=\"elementor elementor-8407 elementor-247\" data-elementor-post-type=\"page\">\n\t\t\t\t\t\t<section class=\"elementor-section elementor-top-section elementor-element elementor-element-64564a7 elementor-section-boxed elementor-section-height-default elementor-section-height-default\" data-id=\"64564a7\" data-element_type=\"section\" data-e-type=\"section\">\n\t\t\t\t\t\t<div class=\"elementor-container elementor-column-gap-default\">\n\t\t\t\t\t<div class=\"elementor-column elementor-col-100 elementor-top-column elementor-element elementor-element-b9f7f27\" data-id=\"b9f7f27\" data-element_type=\"column\" data-e-type=\"column\">\n\t\t\t<div class=\"elementor-widget-wrap elementor-element-populated\">\n\t\t\t\t\t\t<div class=\"elementor-element elementor-element-09172ef elementor-widget elementor-widget-heading\" data-id=\"09172ef\" data-element_type=\"widget\" data-e-type=\"widget\" data-widget_type=\"heading.default\">\n\t\t\t\t<div class=\"elementor-widget-container\">\n\t\t\t\t\t<h1 class=\"elementor-heading-title elementor-size-default\">Cookie e Privacy Policy<\/h1>\t\t\t\t<\/div>\n\t\t\t\t<\/div>\n\t\t\t\t\t<\/div>\n\t\t<\/div>\n\t\t\t\t\t<\/div>\n\t\t<\/section>\n\t\t\t\t<section class=\"elementor-section elementor-top-section elementor-element elementor-element-bf42a7d elementor-section-boxed elementor-section-height-default elementor-section-height-default\" data-id=\"bf42a7d\" data-element_type=\"section\" data-e-type=\"section\">\n\t\t\t\t\t\t<div class=\"elementor-container elementor-column-gap-default\">\n\t\t\t\t\t<div class=\"elementor-column elementor-col-100 elementor-top-column elementor-element elementor-element-1b321ef\" data-id=\"1b321ef\" data-element_type=\"column\" data-e-type=\"column\">\n\t\t\t<div class=\"elementor-widget-wrap elementor-element-populated\">\n\t\t\t\t\t\t<div class=\"elementor-element elementor-element-1712e75 elementor-widget elementor-widget-text-editor\" data-id=\"1712e75\" data-element_type=\"widget\" data-e-type=\"widget\" data-widget_type=\"text-editor.default\">\n\t\t\t\t<div class=\"elementor-widget-container\">\n\t\t\t\t\t\t\t\t\t<p><strong>Informativa ai sensi e per gli effetti degli artt. 13 e 14 del GDPR UE 2016\/679 in materia di protezione dei dati personali.<br \/><\/strong><br \/><strong>Soggetti interessati: potenziali clienti\/clienti<\/strong><br \/>Nella sua qualit\u00e0 di \u201cTitolare\u201d e di \u201cInteressato\u201d, cio\u00e8 di soggetto alla quale si riferiscono i dati oggetto del trattamento e\/o sono da Lei gestiti in responsabilit\u00e0, desideriamo metterLa al corrente degli elementi essenziali dei trattamenti effettuati.<br \/><br \/><strong>Finalit\u00e0 del trattamento:<\/strong><br \/>La raccolta ed il trattamento dei dati personali sono effettuati al fine di condurre:<br \/>1. l\u2019adempimento di tutte le operazioni imposte da obblighi di legge;<br \/>2. l\u2019instaurazione e l\u2019esecuzione dei rapporti contrattuali in corso, ivi compresa l\u2019acquisizione di informazioni preliminari alla conclusione del Contratto;<br \/>3. la gestione dei rapporti con il Cliente per attivit\u00e0 di amministrazione, contabilit\u00e0, ordini, spedizioni, fatturazione, servizi e gestione dell&#8217;eventuale contenzioso;<br \/>4. la rilevazione del grado di soddisfazione della clientela e l\u2019elaborazione di statistiche ad uso interno;<br \/><br \/>I dati raccolti saranno oggetto di trattamento improntato ai principi di correttezza, liceit\u00e0, trasparenza e di tutela della Sua\/Vostra riservatezza e dei Suoi\/Vostri diritti. I dati personali del Cliente verranno trattati per tutta la durata dei rapporti contrattuali instaurati e anche successivamente per l\u2019espletamento di tutti gli adempimenti di legge.<br \/><br \/><strong>Modalit\u00e0 di trattamento:<\/strong><br \/>Il trattamento dei dati per le finalit\u00e0 esposte ha luogo con modalit\u00e0 sia automatizzate, su supporto elettronico o magnetico, che non automatizzate, su supporto cartaceo, nel rispetto delle regole di riservatezza e di sicurezza previste dalla legge, dai regolamenti conseguenti e da disposizioni interne.<br \/><br \/><strong>Luogo di trattamento:<\/strong><br \/>I dati vengono attualmente trattati ed archiviati presso la sede legale, Z.I. Villanova \u2013 32013 LONGARONE (BL). Sono inoltre trattati, per conto della scrivente, dai soggetti autorizzati dal titolare del trattamento, da professionisti e\/o societ\u00e0 incaricati di svolgere attivit\u00e0 tecniche, di sviluppo, gestionali e amministrativo &#8211; contabili.<br \/><br \/><strong>Natura obbligatoria o facoltativa del conferimento dei dati:<\/strong><br \/>Alcuni dati sono indispensabili per l\u2019instaurazione del rapporto contrattuale o per la sua esecuzione, mentre altri si possono definire accessori a tali fini. Il conferimento dei dati alla scrivente \u00e8 obbligatorio per i soli dati per cui \u00e8 previsto un obbligo normativo o contrattuale.<br \/><br \/><strong>Conseguenze di un eventuale rifiuto al conferimento:<\/strong><br \/>Nei casi in cui il conferimento dei dati \u00e8 previsto da un obbligo normativo o contrattuale, l\u2019eventuale rifiuto metterebbe il Fornitore nelle condizioni di non poter dare esecuzione o prosecuzione al Contratto in quanto costituirebbe un trattamento illecito. Nei casi in cui non sia previsto alcun obbligo di legge al conferimento dei dati, il rifiuto non sortirebbe le conseguenze di cui sopra ma impedirebbe comunque di dare esecuzione alle operazioni accessorie.<br \/><br \/><strong>Comunicazione dei dati:<\/strong><br \/>Ferme restando le comunicazioni e diffusioni effettuate in esecuzione di obblighi di legge, i dati relativi alla Vostra Persona giuridica\/persona fisica potranno essere comunicati in Italia e\/o all\u2019estero a:<br \/>&#8211; Professionisti e consulenti, societ\u00e0 di consulenza, istituti di credito, societ\u00e0 di recupero crediti, societ\u00e0 di assicurazione del credito e societ\u00e0 di informazioni commerciali;<br \/>&#8211; Enti Pubblici e privati, anche a seguito di ispezioni o verifiche come, ad esempio: Amministrazione Finanziaria, Organi di Polizia Tributaria, Autorit\u00e0 Giudiziarie, Ufficio italiano Cambi, Ispettorato del Lavoro, ASL, Enti Previdenziali, Camera di Commercio, etc.;<br \/>&#8211; Soggetti che possono accedere ai Vostri dati in forza di disposizione di legge;<br \/><br \/><strong>Tempi di conservazione dei dati:<\/strong><br \/>I dati forniti verranno conservati presso i nostri archivi 10 anni come stabilito per Legge dal disposto dell\u2019art. 2220 C.C., fatti salvi eventuali ritardati pagamenti che ne giustifichino il prolungamento. Per le finalit\u00e0 di cui al punto 5 i tempi di conservazione sono fino alla scadenza del contratto e\/o della relazione commerciale di fornitura. <br \/><br \/><strong>Diritti dell\u2019interessato:<\/strong><br \/>La informiamo che, in qualit\u00e0 di soggetto interessato, ha il diritto di:<br \/>&#8211; ottenere la conferma dell\u2019esistenza o meno di Suoi dati personali, anche se non ancora registrati, e che tali dati vengano messi a Sua disposizione in forma intellegibile;<br \/>&#8211; ottenere indicazione e, se del caso, copia: a) dell\u2019origine e della categoria dei dati personali; b) della logica applicata in caso di trattamento effettuato con l&#8217;ausilio di strumenti elettronici; c) delle finalit\u00e0 e modalit\u00e0 del trattamento; d) degli estremi identificativi del titolare e dei responsabili; e) dei soggetti o delle categorie di soggetti ai quali i dati personali possono essere comunicati o che possono venirne a conoscenza, in particolare se destinatari di paesi terzi o organizzazioni internazionali; f) quando possibile, del periodo di conservazione dei dati oppure i criteri utilizzati per determinare tale periodo; g) dell\u2019esistenza di un processo decisionale automatizzato, compresa la profilazione, e in tal caso delle logiche utilizzate, dell\u2019importanza e delle conseguenze previste per l\u2019interessato; h) dell\u2019esistenza di garanzie adeguate in caso di trasferimento dei dati a un paese extra-UE o a un\u2019organizzazione internazionale;<br \/>&#8211; ottenere, senza ingiustificato ritardo, l\u2019aggiornamento e la rettifica dei dati inesatti ovvero, quando vi ha interesse, l\u2019integrazione dei dati incompleti;<br \/>&#8211; se espresso esercitare il diritto di revoca al consenso in ogni momento, con facilit\u00e0, senza impedimenti, utilizzando, se possibile, gli stessi canali usati per fornire il consenso;<br \/>&#8211; ottenere la cancellazione, la trasformazione in forma anonima o il blocco dei dati: a) trattati illecitamente; b) non pi\u00f9 necessari in relazione agli scopi per i quali sono stati raccolti o successivamente trattati; c) in caso di revoca del consenso su cui si basa il trattamento e in caso non sussista altro fondamento giuridico, d) qualora Lei si sia opposto al trattamento e non sussiste alcun motivo legittimo prevalente per proseguire il trattamento; e) in caso di adempimento di un obbligo legale; f) nel caso di dati riferiti a minori. Il Titolare pu\u00f2 rifiutare la cancellazione solo nel caso di: a) esercizio del diritto alla libert\u00e0 di espressione e di informazione; b) adempimento di un obbligo legale, esecuzione di un compito svolto nel pubblico interesse o esercizio di pubblici poteri; c) motivi di interesse sanitario pubblico; d) archiviazione nel pubblico interesse, ricerca scientifica o storica o a fini statistici; e) esercizio di un diritto in sede giudiziaria;<br \/>&#8211; ottenere la limitazione del trattamento nel caso di: a) contestazione dell\u2019esattezza dei dati personali; b) trattamento illecito del Titolare per impedirne la cancellazione; c) esercizio di un Suo diritto in sede giudiziaria; d) verifica dell\u2019eventuale prevalenza dei motivi legittimi del Titolare rispetto a quelli dell\u2019interessato;<br \/>&#8211; ricevere, qualora il trattamento sia effettuato con mezzi automatici, senza impedimenti e in un formato strutturato, di uso comune e leggibile i dati personali che La riguardano per trasmetterli ad altro titolare o \u2013 se tecnicamente fattibile \u2013 di ottenere la trasmissione diretta da parte del Titolare ad altro titolare;<br \/>&#8211; opporsi, in tutto o in parte: a) per motivi legittimi, al trattamento dei dati personali che La riguardano, ancorch\u00e9 pertinenti allo scopo della raccolta; b) al trattamento di dati personali che La riguardano a fini di invio di materiale pubblicitario o di vendita diretta o per il compimento di ricerche di mercato o di comunicazione commerciale, mediante l\u2019uso di sistemi automatizzati di chiamata senza l\u2019intervento di un operatore mediante email e\/o mediante modalit\u00e0 di marketing tradizionali mediante telefono e\/o posta cartacea;<br \/>&#8211; proporre reclamo all\u2019Autorit\u00e0 Garante per la Protezione dei Dati Personali.<br \/><br \/>Nei casi di cui sopra, ove necessario, il Titolare porter\u00e0 a conoscenza i soggetti terzi ai quali i Suoi dati personali sono comunicati, dell\u2019eventuale esercizio dei diritti da parte Sua, ad eccezione di specifici casi (es. quando tale adempimento si riveli impossibile o comporti un impiego di mezzi manifestamente sproporzionato rispetto al diritto tutelato).<br \/><br \/><strong>Modalit\u00e0 di esercizio dei diritti:<\/strong><br \/>Potr\u00e0 in qualsiasi momento esercitare tali diritti:<br \/>&#8211; inviando una raccomandata a.r. all\u2019indirizzo del Titolare;<br \/>&#8211; inviando una mail al seguente indirizzo: info@certottica.it;<br \/><br \/><strong>Titolare e Responsabile del trattamento<\/strong><br \/>Il titolare del trattamento, al quale Lei potr\u00e0 rivolgersi per far valere i diritti secondo quanto previsto dalla presente informativa, \u00e8 la CERTOTTICA SCRL con sede in Z.I. Villanova \u2013 32013 LONGARONE (BL); I citati diritti potranno essere da Lei esercitati secondo quanto previsto dalle modalit\u00e0 di esercizio dei diritti.<\/p>\t\t\t\t\t\t\t\t<\/div>\n\t\t\t\t<\/div>\n\t\t\t\t\t<\/div>\n\t\t<\/div>\n\t\t\t\t\t<\/div>\n\t\t<\/section>\n\t\t\t\t<\/div>\n\t\t","protected":false},"excerpt":{"rendered":"<p>Cookie e Privacy Policy Informativa ai sensi e per gli effetti degli artt. 13 e 14 del GDPR UE 2016\/679 in materia di protezione dei dati personali.Soggetti interessati: potenziali clienti\/clientiNella sua qualit\u00e0 di \u201cTitolare\u201d e di \u201cInteressato\u201d, cio\u00e8 di soggetto alla quale si riferiscono i dati oggetto del trattamento e\/o sono da Lei gestiti in [&hellip;]<\/p>\n","protected":false},"author":1,"featured_media":0,"parent":0,"menu_order":0,"comment_status":"closed","ping_status":"closed","template":"elementor_header_footer","meta":{"_acf_changed":false,"footnotes":""},"class_list":["post-8407","page","type-page","status-publish","hentry"],"acf":[],"yoast_head":"<!-- This site is optimized with the Yoast SEO plugin v27.5 - https:\/\/yoast.com\/product\/yoast-seo-wordpress\/ -->\n<title>Privacy policy - Certottica<\/title>\n<meta name=\"robots\" content=\"index, follow, max-snippet:-1, max-image-preview:large, max-video-preview:-1\" \/>\n<link rel=\"canonical\" href=\"https:\/\/certottica.it\/en\/privacy-policy\/\" \/>\n<meta property=\"og:locale\" content=\"en_US\" \/>\n<meta property=\"og:type\" content=\"article\" \/>\n<meta property=\"og:title\" content=\"Privacy policy - Certottica\" \/>\n<meta property=\"og:description\" content=\"Cookie e Privacy Policy Informativa ai sensi e per gli effetti degli artt. 13 e 14 del GDPR UE 2016\/679 in materia di protezione dei dati personali.Soggetti interessati: potenziali clienti\/clientiNella sua qualit\u00e0 di \u201cTitolare\u201d e di \u201cInteressato\u201d, cio\u00e8 di soggetto alla quale si riferiscono i dati oggetto del trattamento e\/o sono da Lei gestiti in [&hellip;]\" \/>\n<meta property=\"og:url\" content=\"https:\/\/certottica.it\/en\/privacy-policy\/\" \/>\n<meta property=\"og:site_name\" content=\"Certottica\" \/>\n<meta name=\"twitter:card\" content=\"summary_large_image\" \/>\n<meta name=\"twitter:label1\" content=\"Est. reading time\" \/>\n\t<meta name=\"twitter:data1\" content=\"7 minutes\" \/>\n<script type=\"application\/ld+json\" class=\"yoast-schema-graph\">{\"@context\":\"https:\\\/\\\/schema.org\",\"@graph\":[{\"@type\":\"WebPage\",\"@id\":\"https:\\\/\\\/certottica.it\\\/en\\\/privacy-policy\\\/\",\"url\":\"https:\\\/\\\/certottica.it\\\/en\\\/privacy-policy\\\/\",\"name\":\"Privacy policy - Certottica\",\"isPartOf\":{\"@id\":\"https:\\\/\\\/certottica.it\\\/#website\"},\"datePublished\":\"2022-09-23T14:24:41+00:00\",\"breadcrumb\":{\"@id\":\"https:\\\/\\\/certottica.it\\\/en\\\/privacy-policy\\\/#breadcrumb\"},\"inLanguage\":\"en-US\",\"potentialAction\":[{\"@type\":\"ReadAction\",\"target\":[\"https:\\\/\\\/certottica.it\\\/en\\\/privacy-policy\\\/\"]}]},{\"@type\":\"BreadcrumbList\",\"@id\":\"https:\\\/\\\/certottica.it\\\/en\\\/privacy-policy\\\/#breadcrumb\",\"itemListElement\":[{\"@type\":\"ListItem\",\"position\":1,\"name\":\"Home\",\"item\":\"https:\\\/\\\/certottica.it\\\/en\\\/certottica\\\/\"},{\"@type\":\"ListItem\",\"position\":2,\"name\":\"Privacy policy\"}]},{\"@type\":\"WebSite\",\"@id\":\"https:\\\/\\\/certottica.it\\\/#website\",\"url\":\"https:\\\/\\\/certottica.it\\\/\",\"name\":\"Certottica\",\"description\":\"Istituto Italiano di Certificazione dei prodotti ottici\",\"publisher\":{\"@id\":\"https:\\\/\\\/certottica.it\\\/#organization\"},\"potentialAction\":[{\"@type\":\"SearchAction\",\"target\":{\"@type\":\"EntryPoint\",\"urlTemplate\":\"https:\\\/\\\/certottica.it\\\/?s={search_term_string}\"},\"query-input\":{\"@type\":\"PropertyValueSpecification\",\"valueRequired\":true,\"valueName\":\"search_term_string\"}}],\"inLanguage\":\"en-US\"},{\"@type\":\"Organization\",\"@id\":\"https:\\\/\\\/certottica.it\\\/#organization\",\"name\":\"Certottica\",\"url\":\"https:\\\/\\\/certottica.it\\\/\",\"logo\":{\"@type\":\"ImageObject\",\"inLanguage\":\"en-US\",\"@id\":\"https:\\\/\\\/certottica.it\\\/#\\\/schema\\\/logo\\\/image\\\/\",\"url\":\"https:\\\/\\\/certottica.it\\\/wp-content\\\/uploads\\\/2022\\\/11\\\/cropped-loghi-blu-02.png\",\"contentUrl\":\"https:\\\/\\\/certottica.it\\\/wp-content\\\/uploads\\\/2022\\\/11\\\/cropped-loghi-blu-02.png\",\"width\":795,\"height\":227,\"caption\":\"Certottica\"},\"image\":{\"@id\":\"https:\\\/\\\/certottica.it\\\/#\\\/schema\\\/logo\\\/image\\\/\"}}]}<\/script>\n<!-- \/ Yoast SEO plugin. -->","yoast_head_json":{"title":"Privacy policy - Certottica","robots":{"index":"index","follow":"follow","max-snippet":"max-snippet:-1","max-image-preview":"max-image-preview:large","max-video-preview":"max-video-preview:-1"},"canonical":"https:\/\/certottica.it\/en\/privacy-policy\/","og_locale":"en_US","og_type":"article","og_title":"Privacy policy - Certottica","og_description":"Cookie e Privacy Policy Informativa ai sensi e per gli effetti degli artt. 13 e 14 del GDPR UE 2016\/679 in materia di protezione dei dati personali.Soggetti interessati: potenziali clienti\/clientiNella sua qualit\u00e0 di \u201cTitolare\u201d e di \u201cInteressato\u201d, cio\u00e8 di soggetto alla quale si riferiscono i dati oggetto del trattamento e\/o sono da Lei gestiti in [&hellip;]","og_url":"https:\/\/certottica.it\/en\/privacy-policy\/","og_site_name":"Certottica","twitter_card":"summary_large_image","twitter_misc":{"Est. reading time":"7 minutes"},"schema":{"@context":"https:\/\/schema.org","@graph":[{"@type":"WebPage","@id":"https:\/\/certottica.it\/en\/privacy-policy\/","url":"https:\/\/certottica.it\/en\/privacy-policy\/","name":"Privacy policy - Certottica","isPartOf":{"@id":"https:\/\/certottica.it\/#website"},"datePublished":"2022-09-23T14:24:41+00:00","breadcrumb":{"@id":"https:\/\/certottica.it\/en\/privacy-policy\/#breadcrumb"},"inLanguage":"en-US","potentialAction":[{"@type":"ReadAction","target":["https:\/\/certottica.it\/en\/privacy-policy\/"]}]},{"@type":"BreadcrumbList","@id":"https:\/\/certottica.it\/en\/privacy-policy\/#breadcrumb","itemListElement":[{"@type":"ListItem","position":1,"name":"Home","item":"https:\/\/certottica.it\/en\/certottica\/"},{"@type":"ListItem","position":2,"name":"Privacy policy"}]},{"@type":"WebSite","@id":"https:\/\/certottica.it\/#website","url":"https:\/\/certottica.it\/","name":"Certottica","description":"Istituto Italiano di Certificazione dei prodotti ottici","publisher":{"@id":"https:\/\/certottica.it\/#organization"},"potentialAction":[{"@type":"SearchAction","target":{"@type":"EntryPoint","urlTemplate":"https:\/\/certottica.it\/?s={search_term_string}"},"query-input":{"@type":"PropertyValueSpecification","valueRequired":true,"valueName":"search_term_string"}}],"inLanguage":"en-US"},{"@type":"Organization","@id":"https:\/\/certottica.it\/#organization","name":"Certottica","url":"https:\/\/certottica.it\/","logo":{"@type":"ImageObject","inLanguage":"en-US","@id":"https:\/\/certottica.it\/#\/schema\/logo\/image\/","url":"https:\/\/certottica.it\/wp-content\/uploads\/2022\/11\/cropped-loghi-blu-02.png","contentUrl":"https:\/\/certottica.it\/wp-content\/uploads\/2022\/11\/cropped-loghi-blu-02.png","width":795,"height":227,"caption":"Certottica"},"image":{"@id":"https:\/\/certottica.it\/#\/schema\/logo\/image\/"}}]}},"_links":{"self":[{"href":"https:\/\/certottica.it\/en\/wp-json\/wp\/v2\/pages\/8407","targetHints":{"allow":["GET"]}}],"collection":[{"href":"https:\/\/certottica.it\/en\/wp-json\/wp\/v2\/pages"}],"about":[{"href":"https:\/\/certottica.it\/en\/wp-json\/wp\/v2\/types\/page"}],"author":[{"embeddable":true,"href":"https:\/\/certottica.it\/en\/wp-json\/wp\/v2\/users\/1"}],"replies":[{"embeddable":true,"href":"https:\/\/certottica.it\/en\/wp-json\/wp\/v2\/comments?post=8407"}],"version-history":[{"count":0,"href":"https:\/\/certottica.it\/en\/wp-json\/wp\/v2\/pages\/8407\/revisions"}],"wp:attachment":[{"href":"https:\/\/certottica.it\/en\/wp-json\/wp\/v2\/media?parent=8407"}],"curies":[{"name":"wp","href":"https:\/\/api.w.org\/{rel}","templated":true}]}}