{"id":426,"date":"2022-10-08T09:06:04","date_gmt":"2022-10-08T09:06:04","guid":{"rendered":"https:\/\/certottica.it\/?post_type=portfolio&#038;p=426"},"modified":"2023-06-23T10:48:01","modified_gmt":"2023-06-23T10:48:01","slug":"apollo-anti-polline-occhiale","status":"publish","type":"portfolio","link":"https:\/\/certottica.it\/en\/portfolio\/apollo-anti-polline-occhiale\/","title":{"rendered":"APOLLO &#8211; Anti Polline Occhiale"},"content":{"rendered":"\n<p><strong>Anti Polline Occhiale<\/strong><\/p>\n\n\n\n<figure class=\"wp-block-image size-large is-resized\"><img decoding=\"async\" src=\"https:\/\/certottica.it\/wp-content\/uploads\/2023\/06\/Logo_Interreg_DolomitiLive-1024x172.png\" alt=\"\" class=\"wp-image-9025\" width=\"408\" height=\"68\" srcset=\"https:\/\/certottica.it\/wp-content\/uploads\/2023\/06\/Logo_Interreg_DolomitiLive-1024x172.png 1024w, https:\/\/certottica.it\/wp-content\/uploads\/2023\/06\/Logo_Interreg_DolomitiLive-300x50.png 300w, https:\/\/certottica.it\/wp-content\/uploads\/2023\/06\/Logo_Interreg_DolomitiLive-768x129.png 768w, https:\/\/certottica.it\/wp-content\/uploads\/2023\/06\/Logo_Interreg_DolomitiLive-1536x259.png 1536w, https:\/\/certottica.it\/wp-content\/uploads\/2023\/06\/Logo_Interreg_DolomitiLive-2048x345.png 2048w\" sizes=\"(max-width: 408px) 100vw, 408px\" \/><\/figure>\n\n\n\n<figure class=\"wp-block-image size-large is-resized\"><img decoding=\"async\" src=\"https:\/\/certottica.it\/wp-content\/uploads\/2023\/06\/Logoleiste_alle-Partner_PP-1024x117.png\" alt=\"\" class=\"wp-image-9027\" width=\"412\" height=\"46\" srcset=\"https:\/\/certottica.it\/wp-content\/uploads\/2023\/06\/Logoleiste_alle-Partner_PP-1024x117.png 1024w, https:\/\/certottica.it\/wp-content\/uploads\/2023\/06\/Logoleiste_alle-Partner_PP-300x34.png 300w, https:\/\/certottica.it\/wp-content\/uploads\/2023\/06\/Logoleiste_alle-Partner_PP-768x88.png 768w, https:\/\/certottica.it\/wp-content\/uploads\/2023\/06\/Logoleiste_alle-Partner_PP.png 1421w\" sizes=\"(max-width: 412px) 100vw, 412px\" \/><\/figure>\n\n\n\n<hr class=\"wp-block-separator has-alpha-channel-opacity linea-articolo\"\/>\n\n\n\n<p class=\"titolo-articolo\"><strong>Interreg V-A Italia-Austria &#8211; CLLD, Bando per progetti medi ITAT4050<\/strong> <\/p>\n\n\n\n<p>Per conoscere ogni step di avanzamento del Progetto, Vi invitiamo a consultare la pagina FB<\/p>\n\n\n\n<p><strong><a href=\"https:\/\/www.facebook.com\/profile.php?id=427090031008615&amp;ref=br_rs\">APollO &#8211; Interreg V-A Italia Austria 2014 2020<\/a><\/strong><\/p>\n\n\n\n<hr class=\"wp-block-separator has-alpha-channel-opacity linea-articolo\"\/>\n\n\n\n<p class=\"titolo-articolo\"><strong>Progetto &#8220;APOLLO\u201d<\/strong><\/p>\n\n\n\n<p><strong>DURATA:<\/strong> 30 MESI<strong><br>Inizio: <\/strong>01\/01\/2018<strong><br>Fine: <\/strong>30\/04\/2020<strong><br>ASSE PRIORITARIO: 4 &#8211; <\/strong>CLLD-Sviluppo regionale a livello locale<strong><br>OBIETTIVO TEMATICO: 9 &#8211;<\/strong> Promuovere l&#8217;inclusione sociale e combattere la povert\u00e0 e ogni discriminazione<strong><br>OBIETTIVO SPECIFICO: 6 &#8211; <\/strong>Rafforzamento dell\u2019integrazione e dell\u2019autoresponsabilit\u00e0 locale nell\u2019area strettamente di confine attraverso la strategia transfrontaliera secondo l\u2019approccio CLLD<strong><br>AZIONE: <\/strong>15.1 Crescita intelligente (Realizzazione di progetti volti alla diversificazione dell\u2019economia locale nelle zone di confine)<strong><br>BANDO DI RIFERIMENTO: Interreg V-A Italia-Austria &#8211; CLLD, Bando per progetti medi<br>CODICE DEL PROGETTO: ITAT 4050<br>FINANZIAMENTO PUBBLICO pari a 112.354,92 euro cos\u00ec suddivisi:<br>SOSTEGNO FINANZIARIO DELL\u2019UE FESR:<\/strong> 112.354,92 euro<strong><br>SOSTEGNO FINANZIARIO NAZIONALE:<\/strong> 0,00 euro<strong><br>RISORSE PROPRIE:<\/strong> 87.195,82 euro<strong><br>BUDGET COMPLESSIVO DEL PROGETTO: 199.550,74 euro<\/strong><\/p>\n\n\n\n<p class=\"titolo-articolo\"><strong>Partner<\/strong><\/p>\n\n\n\n<p>LP Certottica Scrl<br>PP2 MICADO SMART ENGINEERING GmbH<\/p>\n\n\n\n<p class=\"titolo-articolo\"><strong>Il Progetto<\/strong><\/p>\n\n\n\n<p>Lo scopo di questo progetto \u00e8 quello di realizzare un prototipo di un occhiale o di una maschera innovativa per dare al consumatore un dispositivo valido e al contempo confortevole che lo protegga dal polline.<\/p>\n\n\n\n<p>La sensibilit\u00e0 ai pollini \u00e8 in costante aumento non solo a livello europeo ma anche mondiale: in termini di effetti sulla popolazione, le allergie si posizionano ai primi posti come malattie croniche.<\/p>\n\n\n\n<p>Secondo i dati forniti dall\u2019Oms (Organizzazione Mondiale della Sanit\u00e0), la percentuale di popolazione mondiale sensibile si attesta tra il 10% e il 40%, a seconda delle regioni e dei periodi dell\u2019anno. Non fa eccezione l\u2018Europa, dove si stima una prevalenza delle riniti allergiche del 10-20%. Questo progetto rappresenta la naturale prosecuzione dello studio di fattibilit\u00e0 in parte eseguito nell\u2019ambito dell\u2019iniziativa ITAT4014 \u201cPMP \u2013 Protezione dalle polveri sottili\u201d. Tale studio di fattibilit\u00e0 ha permesso di approfondire la ricerca su materiali di filtraggio, metodi dei test, possibili funzioni e norme per la progettazione di un nuovo dispositivo che sia funzionale, con un design accattivante e idoneo ad assicurare la protezione contro i pollini.<\/p>\n\n\n\n<p>L\u2019obiettivo \u00e8 arrivare alla realizzazione di un prototipo che rispetti i requisiti imposti dalle norme che disciplinano i DPI (Dispositivi di Protezione Individuale) e allo stesso tempo protegga dai pollini, l\u2019utilizzatore finale.<\/p>\n\n\n\n<hr class=\"wp-block-separator has-alpha-channel-opacity linea-articolo\"\/>\n\n\n\n<p class=\"titolo-articolo\"><strong>Das Projekt<\/strong><\/p>\n\n\n\n<p>Der Zweck von diesem Projekt ist dem Verbraucher eine komfortable Vorrichtung in Form von einem innovativen Brillenprototyp oder einer Halbmaske zur Verf\u00fcgung zu stellen, die ihn vor Pollen sch\u00fctzen kann.<\/p>\n\n\n\n<p>Die Pollenempfindlichkeit w\u00e4chst nicht nur in Europa, sondern auch in der ganzen Welt kontinuierlich an. Im Rahmen ihrer Wirkung befinden sich Allergien am ersten Platz der chronischen Krankheiten.<\/p>\n\n\n\n<p>Laut den Daten der Weltgesundheitsorganisation (WHO) betr\u00e4gt der Prozentsatz der sensiblen Weltbev\u00f6lkerung zwischen 10% und 40%, je nach den Regionen und den Jahreszeiten. Europa ist dabei keine Ausnahme. Die Pr\u00e4valenz der allergischen Rhinitis betr\u00e4gt 10-20%. Dieses Projekt stellt die nat\u00fcrliche Fortsetzung der Durchf\u00fchrbarkeitsstudie, welche auch teilweise im Rahmen der Initiative ITAT4010 \u201ePMP- Feinstaub Schutz\u201c durchgef\u00fchrt wurde, dar. Diese Durchf\u00fchrbarkeitsstudie hat genauere Untersuchungen von Filtermatierialien, Testmethoden, m\u00f6glichen Funktionen und Richtlinien zur Herstellung einer Vorrichtung von ansprechendem und angemessenem Design erm\u00f6glicht, welche einen idealen Schutz vor Pollen anbieten k\u00f6nnte.<\/p>\n\n\n\n<p>Das Ziel ist einen Prototyp herzustellen der den Anforderungen der Richtlinien der PSA (pers\u00f6nliche Schutzausr\u00fcstungen) entspricht und zugleich auch den Endverbraucher vor Pollen sch\u00fctzt.<\/p>\n","protected":false},"excerpt":{"rendered":"<p>Anti Polline Occhiale Interreg V-A Italia-Austria &#8211; CLLD, Bando per progetti medi ITAT4050 Per conoscere ogni step di avanzamento del Progetto, Vi invitiamo a consultare la pagina FB APollO &#8211; Interreg V-A Italia Austria 2014 2020 Progetto &#8220;APOLLO\u201d DURATA: 30 MESIInizio: 01\/01\/2018Fine: 30\/04\/2020ASSE PRIORITARIO: 4 &#8211; CLLD-Sviluppo regionale a livello localeOBIETTIVO TEMATICO: 9 &#8211; Promuovere [&hellip;]<\/p>\n","protected":false},"featured_media":5706,"menu_order":0,"template":"","format":"standard","meta":{"_acf_changed":false},"categories":[39],"tags":[12],"class_list":["post-426","portfolio","type-portfolio","status-publish","format-standard","has-post-thumbnail","hentry","category-progetti-conclusi","tag-interreg"],"acf":[],"yoast_head":"<!-- This site is optimized with the Yoast SEO plugin v27.4 - https:\/\/yoast.com\/product\/yoast-seo-wordpress\/ -->\n<title>APOLLO - Anti Polline Occhiale - Certottica<\/title>\n<meta name=\"robots\" content=\"index, follow, max-snippet:-1, max-image-preview:large, max-video-preview:-1\" \/>\n<link rel=\"canonical\" href=\"https:\/\/certottica.it\/portfolio\/apollo-anti-polline-occhiale\/\" \/>\n<meta property=\"og:locale\" content=\"en_US\" \/>\n<meta property=\"og:type\" content=\"article\" \/>\n<meta property=\"og:title\" content=\"APOLLO - Anti Polline Occhiale - Certottica\" \/>\n<meta property=\"og:description\" content=\"Anti Polline Occhiale Interreg V-A Italia-Austria &#8211; CLLD, Bando per progetti medi ITAT4050 Per conoscere ogni step di avanzamento del Progetto, Vi invitiamo a consultare la pagina FB APollO &#8211; Interreg V-A Italia Austria 2014 2020 Progetto &#8220;APOLLO\u201d DURATA: 30 MESIInizio: 01\/01\/2018Fine: 30\/04\/2020ASSE PRIORITARIO: 4 &#8211; CLLD-Sviluppo regionale a livello localeOBIETTIVO TEMATICO: 9 &#8211; Promuovere [&hellip;]\" \/>\n<meta property=\"og:url\" content=\"https:\/\/certottica.it\/portfolio\/apollo-anti-polline-occhiale\/\" \/>\n<meta property=\"og:site_name\" content=\"Certottica\" \/>\n<meta property=\"article:modified_time\" content=\"2023-06-23T10:48:01+00:00\" \/>\n<meta property=\"og:image\" content=\"https:\/\/certottica.it\/wp-content\/uploads\/2022\/10\/apollo.jpg\" \/>\n\t<meta property=\"og:image:width\" content=\"1920\" \/>\n\t<meta property=\"og:image:height\" content=\"1282\" \/>\n\t<meta property=\"og:image:type\" content=\"image\/jpeg\" \/>\n<meta name=\"twitter:card\" content=\"summary_large_image\" \/>\n<meta name=\"twitter:label1\" content=\"Est. reading time\" \/>\n\t<meta name=\"twitter:data1\" content=\"4 minutes\" \/>\n<script type=\"application\/ld+json\" class=\"yoast-schema-graph\">{\"@context\":\"https:\\\/\\\/schema.org\",\"@graph\":[{\"@type\":\"WebPage\",\"@id\":\"https:\\\/\\\/certottica.it\\\/portfolio\\\/apollo-anti-polline-occhiale\\\/\",\"url\":\"https:\\\/\\\/certottica.it\\\/portfolio\\\/apollo-anti-polline-occhiale\\\/\",\"name\":\"APOLLO - Anti Polline Occhiale - Certottica\",\"isPartOf\":{\"@id\":\"https:\\\/\\\/certottica.it\\\/#website\"},\"primaryImageOfPage\":{\"@id\":\"https:\\\/\\\/certottica.it\\\/portfolio\\\/apollo-anti-polline-occhiale\\\/#primaryimage\"},\"image\":{\"@id\":\"https:\\\/\\\/certottica.it\\\/portfolio\\\/apollo-anti-polline-occhiale\\\/#primaryimage\"},\"thumbnailUrl\":\"https:\\\/\\\/certottica.it\\\/wp-content\\\/uploads\\\/2022\\\/10\\\/apollo.jpg\",\"datePublished\":\"2022-10-08T09:06:04+00:00\",\"dateModified\":\"2023-06-23T10:48:01+00:00\",\"breadcrumb\":{\"@id\":\"https:\\\/\\\/certottica.it\\\/portfolio\\\/apollo-anti-polline-occhiale\\\/#breadcrumb\"},\"inLanguage\":\"en-US\",\"potentialAction\":[{\"@type\":\"ReadAction\",\"target\":[\"https:\\\/\\\/certottica.it\\\/portfolio\\\/apollo-anti-polline-occhiale\\\/\"]}]},{\"@type\":\"ImageObject\",\"inLanguage\":\"en-US\",\"@id\":\"https:\\\/\\\/certottica.it\\\/portfolio\\\/apollo-anti-polline-occhiale\\\/#primaryimage\",\"url\":\"https:\\\/\\\/certottica.it\\\/wp-content\\\/uploads\\\/2022\\\/10\\\/apollo.jpg\",\"contentUrl\":\"https:\\\/\\\/certottica.it\\\/wp-content\\\/uploads\\\/2022\\\/10\\\/apollo.jpg\",\"width\":1920,\"height\":1282},{\"@type\":\"BreadcrumbList\",\"@id\":\"https:\\\/\\\/certottica.it\\\/portfolio\\\/apollo-anti-polline-occhiale\\\/#breadcrumb\",\"itemListElement\":[{\"@type\":\"ListItem\",\"position\":1,\"name\":\"Home\",\"item\":\"https:\\\/\\\/certottica.it\\\/en\\\/certottica\\\/\"},{\"@type\":\"ListItem\",\"position\":2,\"name\":\"APOLLO &#8211; Anti Polline Occhiale\"}]},{\"@type\":\"WebSite\",\"@id\":\"https:\\\/\\\/certottica.it\\\/#website\",\"url\":\"https:\\\/\\\/certottica.it\\\/\",\"name\":\"Certottica\",\"description\":\"Istituto Italiano di Certificazione dei prodotti ottici\",\"publisher\":{\"@id\":\"https:\\\/\\\/certottica.it\\\/#organization\"},\"potentialAction\":[{\"@type\":\"SearchAction\",\"target\":{\"@type\":\"EntryPoint\",\"urlTemplate\":\"https:\\\/\\\/certottica.it\\\/?s={search_term_string}\"},\"query-input\":{\"@type\":\"PropertyValueSpecification\",\"valueRequired\":true,\"valueName\":\"search_term_string\"}}],\"inLanguage\":\"en-US\"},{\"@type\":\"Organization\",\"@id\":\"https:\\\/\\\/certottica.it\\\/#organization\",\"name\":\"Certottica\",\"url\":\"https:\\\/\\\/certottica.it\\\/\",\"logo\":{\"@type\":\"ImageObject\",\"inLanguage\":\"en-US\",\"@id\":\"https:\\\/\\\/certottica.it\\\/#\\\/schema\\\/logo\\\/image\\\/\",\"url\":\"https:\\\/\\\/certottica.it\\\/wp-content\\\/uploads\\\/2022\\\/11\\\/cropped-loghi-blu-02.png\",\"contentUrl\":\"https:\\\/\\\/certottica.it\\\/wp-content\\\/uploads\\\/2022\\\/11\\\/cropped-loghi-blu-02.png\",\"width\":795,\"height\":227,\"caption\":\"Certottica\"},\"image\":{\"@id\":\"https:\\\/\\\/certottica.it\\\/#\\\/schema\\\/logo\\\/image\\\/\"}}]}<\/script>\n<!-- \/ Yoast SEO plugin. -->","yoast_head_json":{"title":"APOLLO - Anti Polline Occhiale - Certottica","robots":{"index":"index","follow":"follow","max-snippet":"max-snippet:-1","max-image-preview":"max-image-preview:large","max-video-preview":"max-video-preview:-1"},"canonical":"https:\/\/certottica.it\/portfolio\/apollo-anti-polline-occhiale\/","og_locale":"en_US","og_type":"article","og_title":"APOLLO - Anti Polline Occhiale - Certottica","og_description":"Anti Polline Occhiale Interreg V-A Italia-Austria &#8211; CLLD, Bando per progetti medi ITAT4050 Per conoscere ogni step di avanzamento del Progetto, Vi invitiamo a consultare la pagina FB APollO &#8211; Interreg V-A Italia Austria 2014 2020 Progetto &#8220;APOLLO\u201d DURATA: 30 MESIInizio: 01\/01\/2018Fine: 30\/04\/2020ASSE PRIORITARIO: 4 &#8211; CLLD-Sviluppo regionale a livello localeOBIETTIVO TEMATICO: 9 &#8211; Promuovere [&hellip;]","og_url":"https:\/\/certottica.it\/portfolio\/apollo-anti-polline-occhiale\/","og_site_name":"Certottica","article_modified_time":"2023-06-23T10:48:01+00:00","og_image":[{"width":1920,"height":1282,"url":"https:\/\/certottica.it\/wp-content\/uploads\/2022\/10\/apollo.jpg","type":"image\/jpeg"}],"twitter_card":"summary_large_image","twitter_misc":{"Est. reading time":"4 minutes"},"schema":{"@context":"https:\/\/schema.org","@graph":[{"@type":"WebPage","@id":"https:\/\/certottica.it\/portfolio\/apollo-anti-polline-occhiale\/","url":"https:\/\/certottica.it\/portfolio\/apollo-anti-polline-occhiale\/","name":"APOLLO - Anti Polline Occhiale - Certottica","isPartOf":{"@id":"https:\/\/certottica.it\/#website"},"primaryImageOfPage":{"@id":"https:\/\/certottica.it\/portfolio\/apollo-anti-polline-occhiale\/#primaryimage"},"image":{"@id":"https:\/\/certottica.it\/portfolio\/apollo-anti-polline-occhiale\/#primaryimage"},"thumbnailUrl":"https:\/\/certottica.it\/wp-content\/uploads\/2022\/10\/apollo.jpg","datePublished":"2022-10-08T09:06:04+00:00","dateModified":"2023-06-23T10:48:01+00:00","breadcrumb":{"@id":"https:\/\/certottica.it\/portfolio\/apollo-anti-polline-occhiale\/#breadcrumb"},"inLanguage":"en-US","potentialAction":[{"@type":"ReadAction","target":["https:\/\/certottica.it\/portfolio\/apollo-anti-polline-occhiale\/"]}]},{"@type":"ImageObject","inLanguage":"en-US","@id":"https:\/\/certottica.it\/portfolio\/apollo-anti-polline-occhiale\/#primaryimage","url":"https:\/\/certottica.it\/wp-content\/uploads\/2022\/10\/apollo.jpg","contentUrl":"https:\/\/certottica.it\/wp-content\/uploads\/2022\/10\/apollo.jpg","width":1920,"height":1282},{"@type":"BreadcrumbList","@id":"https:\/\/certottica.it\/portfolio\/apollo-anti-polline-occhiale\/#breadcrumb","itemListElement":[{"@type":"ListItem","position":1,"name":"Home","item":"https:\/\/certottica.it\/en\/certottica\/"},{"@type":"ListItem","position":2,"name":"APOLLO &#8211; Anti Polline Occhiale"}]},{"@type":"WebSite","@id":"https:\/\/certottica.it\/#website","url":"https:\/\/certottica.it\/","name":"Certottica","description":"Istituto Italiano di Certificazione dei prodotti ottici","publisher":{"@id":"https:\/\/certottica.it\/#organization"},"potentialAction":[{"@type":"SearchAction","target":{"@type":"EntryPoint","urlTemplate":"https:\/\/certottica.it\/?s={search_term_string}"},"query-input":{"@type":"PropertyValueSpecification","valueRequired":true,"valueName":"search_term_string"}}],"inLanguage":"en-US"},{"@type":"Organization","@id":"https:\/\/certottica.it\/#organization","name":"Certottica","url":"https:\/\/certottica.it\/","logo":{"@type":"ImageObject","inLanguage":"en-US","@id":"https:\/\/certottica.it\/#\/schema\/logo\/image\/","url":"https:\/\/certottica.it\/wp-content\/uploads\/2022\/11\/cropped-loghi-blu-02.png","contentUrl":"https:\/\/certottica.it\/wp-content\/uploads\/2022\/11\/cropped-loghi-blu-02.png","width":795,"height":227,"caption":"Certottica"},"image":{"@id":"https:\/\/certottica.it\/#\/schema\/logo\/image\/"}}]}},"_links":{"self":[{"href":"https:\/\/certottica.it\/en\/wp-json\/wp\/v2\/portfolio\/426","targetHints":{"allow":["GET"]}}],"collection":[{"href":"https:\/\/certottica.it\/en\/wp-json\/wp\/v2\/portfolio"}],"about":[{"href":"https:\/\/certottica.it\/en\/wp-json\/wp\/v2\/types\/portfolio"}],"version-history":[{"count":16,"href":"https:\/\/certottica.it\/en\/wp-json\/wp\/v2\/portfolio\/426\/revisions"}],"predecessor-version":[{"id":9030,"href":"https:\/\/certottica.it\/en\/wp-json\/wp\/v2\/portfolio\/426\/revisions\/9030"}],"wp:featuredmedia":[{"embeddable":true,"href":"https:\/\/certottica.it\/en\/wp-json\/wp\/v2\/media\/5706"}],"wp:attachment":[{"href":"https:\/\/certottica.it\/en\/wp-json\/wp\/v2\/media?parent=426"}],"wp:term":[{"taxonomy":"category","embeddable":true,"href":"https:\/\/certottica.it\/en\/wp-json\/wp\/v2\/categories?post=426"},{"taxonomy":"post_tag","embeddable":true,"href":"https:\/\/certottica.it\/en\/wp-json\/wp\/v2\/tags?post=426"}],"curies":[{"name":"wp","href":"https:\/\/api.w.org\/{rel}","templated":true}]}}