{"id":433,"date":"2022-09-30T09:08:49","date_gmt":"2022-09-30T09:08:49","guid":{"rendered":"https:\/\/certottica.it\/index.php\/portfolio\/progetto-01-copy-copy-copy\/"},"modified":"2023-06-23T10:39:25","modified_gmt":"2023-06-23T10:39:25","slug":"icap-innovazione-tramite-applicazioni-combinate-delle-tecnologie-al-plasma","status":"publish","type":"portfolio","link":"https:\/\/certottica.it\/en\/portfolio\/icap-innovazione-tramite-applicazioni-combinate-delle-tecnologie-al-plasma\/","title":{"rendered":"ICAP &#8211; Innovazione tramite applicazioni combinate delle tecnologie al Plasma"},"content":{"rendered":"\n<figure class=\"wp-block-image size-large is-resized\"><img decoding=\"async\" src=\"https:\/\/certottica.it\/wp-content\/uploads\/2023\/06\/Interreg_Italia-O\u00a6esterreich-2017_4c-1024x319.jpg\" alt=\"\" class=\"wp-image-9017\" width=\"284\" height=\"88\" srcset=\"https:\/\/certottica.it\/wp-content\/uploads\/2023\/06\/Interreg_Italia-O\u00a6esterreich-2017_4c-1024x319.jpg 1024w, https:\/\/certottica.it\/wp-content\/uploads\/2023\/06\/Interreg_Italia-O\u00a6esterreich-2017_4c-300x94.jpg 300w, https:\/\/certottica.it\/wp-content\/uploads\/2023\/06\/Interreg_Italia-O\u00a6esterreich-2017_4c-768x239.jpg 768w, https:\/\/certottica.it\/wp-content\/uploads\/2023\/06\/Interreg_Italia-O\u00a6esterreich-2017_4c-1536x479.jpg 1536w, https:\/\/certottica.it\/wp-content\/uploads\/2023\/06\/Interreg_Italia-O\u00a6esterreich-2017_4c-2048x639.jpg 2048w\" sizes=\"(max-width: 284px) 100vw, 284px\" \/><\/figure>\n\n\n\n<p class=\"titolo-articolo\"><strong>Finanziato dal Fondo europeo di sviluppo regionale e Interreg V-A Italia-Austria 2014-2020<\/strong><\/p>\n\n\n\n<p>Per conoscere ogni step di avanzamento del Progetto, Vi invitiamo a consultare il sito web&nbsp;&nbsp; &nbsp;<strong><u>www.interreg-icap.eu<\/u><\/strong> e la pagina FB<strong><a href=\"https:\/\/www.facebook.com\/profile.php?id=427090031008615&amp;ref=br_rs\"> ICAP &#8211; Interreg V-A Italia Austria 2014 2020<\/a><\/strong><\/p>\n\n\n\n<p><a target=\"_blank\" href=\"https:\/\/www.certottica.it\/images\/kick-off-meeting.pdf\" rel=\"noreferrer noopener\">31 marzo 2017 kick-off meeting<\/a><br><a target=\"_blank\" href=\"https:\/\/www.certottica.it\/images\/25-agosto-2-meeting.pdf\" rel=\"noreferrer noopener\">25 agosto 2017 Secondo meeting<\/a><br><a target=\"_blank\" href=\"https:\/\/www.certottica.it\/images\/15-settembre-2017---Nanoceramica-per-lindustria-4.0.pdf\" rel=\"noreferrer noopener\">15 settembre 2017 &#8211; Nanoceramica per l\u2019industria 4.0<\/a><\/p>\n\n\n\n<hr class=\"wp-block-separator has-alpha-channel-opacity linea-articolo\"\/>\n\n\n\n<p><strong>DURATA<\/strong>: 37 MESI&nbsp;<\/p>\n\n\n\n<p>Inizio 01\/06\/2016 Fine 30\/06\/2019<\/p>\n\n\n\n<p><strong>ASSE PRIORITARIO<\/strong>: 1 Ricerca e Innovazione<\/p>\n\n\n\n<p><strong>OBIETTIVO TEMATICO<\/strong>: 1 &#8211; Rafforzare la ricerca, lo sviluppo tecnologico e l\u2019innovazione<\/p>\n\n\n\n<p><strong>OBIETTIVO SPECIFICO<\/strong>: 1 &#8211; Rafforzamento delle capacit\u00e0 per la ricerca e l\u2019innovazione nei settori chiave delle economie regionali attraverso la collaborazione transfrontaliera degli enti di ricerca<\/p>\n\n\n\n<p><strong>AZIONE<\/strong>: 2 &#8211; Attuazione delle misure per lo scambio di conoscenze<\/p>\n\n\n\n<p><strong>BANDO DI RIFERIMENTO<\/strong>: Interreg V-A Italia-Austria 2014-2020 \u2013 Bando 2016<\/p>\n\n\n\n<p><strong>CODICE DEL PROGETTO<\/strong>: ITAT1010<\/p>\n\n\n\n<p><strong>FINANZIAMENTO PUBBLICO<\/strong>: 758.041,57 euro cos\u00ec suddivisi:<\/p>\n\n\n\n<p>SOSTEGNO FINANZIARIO DELL\u2019UE FESR 697.634,28&nbsp;euro<\/p>\n\n\n\n<p>SOSTEGNO FINANZIARIO NAZIONALE 60.407,29&nbsp;euro<\/p>\n\n\n\n<p>___<\/p>\n\n\n\n<p><strong>RISORSE PROPRIE<\/strong>: 79.863,53&nbsp;euro<\/p>\n\n\n\n<p>___<\/p>\n\n\n\n<p><strong>BUDGET COMPLESSIVO DEL PROGETTO<\/strong> 837.905,11&nbsp;euro<\/p>\n\n\n\n<p>___<\/p>\n\n\n\n<p>LP: Certottica Scrl<br>P1: Kompetenzzentrum Holz GmbH Gesch\u00e4ftsbereich<\/p>\n\n\n\n<p>P2: MCT &#8211; Material Center Tyrol, University of Innsbruck<br>P3: Consorzio INNOVA FVG<\/p>\n\n\n\n<hr class=\"wp-block-separator has-alpha-channel-opacity linea-articolo\"\/>\n\n\n\n<p class=\"titolo-articolo\"><strong>Descrizione progetto<\/strong><\/p>\n\n\n\n<p>Al giorno d\u2019oggi i fattori di successo per le aziende sono l\u2019innovazione di prodotto e l\u2019uso efficiente delle risorse (energia, materie prime ecc.). I trattamenti di superficie, in questo contesto, hanno un\u2019importanza strategica perch\u00e9&nbsp;consentono di decorare, proteggere e conferire ai substrati le propriet\u00e0 fisiche, chimiche e meccaniche desiderate.&nbsp;<\/p>\n\n\n\n<p>Molte delle propriet\u00e0 richieste ad un materiale dipendono dalle caratteristiche della sua superficie; essere in grado di modificare le caratteristiche delle superfici, risparmiando risorse e riducendo i rifiuti e le emissioni, rappresenta un importante strumento per le imprese dell\u2019area di programma. L\u2019utilizzo delle tecnologie al plasma consente proprio di agire sulle caratteristiche delle superfici con processi hi-tech ed eco-compatibili.<\/p>\n\n\n\n<p>Vi sono, tuttavia, degli ostacoli oggettivi all\u2019utilizzo di queste tecnologie dati dalla scarsa disponibilit\u00e0 di impianti, dal know-how necessario alla loro gestione e soprattutto dai costi di sperimentazione e test.<br>Grazie a questo progetto sar\u00e0 possibile unire le attrezzature e le competenze multidisciplinari proprie di ciascuno dei partner per superare queste barriere.&nbsp;<\/p>\n\n\n\n<p class=\"titolo-articolo\"><strong>Risultati attesi<\/strong><\/p>\n\n\n\n<p>L\u2019obiettivo principale del progetto sta nel formulare nuovi trattamenti di superficie, eco-friendly, che consentano di decorare, proteggere e conferire ai substrati le propriet\u00e0 fisiche, chimiche e meccaniche desiderate e costituiscano uno strumento rilevante per le aziende, non solo ora ma anche per il futuro, posto che molte delle caratteristiche richieste ad un materiale, dipendono da quelle della sua superficie.&nbsp;La stretta e diretta relazione con le imprese permetter\u00e0 ai partner di sviluppare soluzioni in linea con le necessit\u00e0 del mercato e di trasferire immediatamente i risultati del progetto.<\/p>\n\n\n\n<p class=\"titolo-articolo\"><strong>Eventi<\/strong><\/p>\n\n\n\n<p>27 aprile 2018 St. Veit &#8211; <a href=\"https:\/\/www.certottica.it\/images\/Folie1.JPG\">SEMINARIO SULLE TECNOLOGIE AL PLASMA<\/a>.&nbsp;<br>21 settembre 2018 Certottica, Longarone &#8211;<a href=\"https:\/\/www.certottica.it\/images\/INVITO-SEMINARIO-ICAP.jpg\"> SEMINARIO&nbsp;SUL PLASMA ATMOSFERICO<\/a><\/p>\n\n\n\n<hr class=\"wp-block-separator has-alpha-channel-opacity linea-articolo\"\/>\n\n\n\n<p class=\"titolo-articolo\"><strong>Das Projekt<\/strong><\/p>\n\n\n\n<p>Ziel dieses Projekts ist die Bildung einer thematischen Touristenroute im Programmraum, gest\u00fctzt auf Themen \u00fcber Biodiversit\u00e4t, Umwelt- und Kulturressourcen, sowie das Konzept, dass kein Abfall produziert werden soll. Flachs, Hanf und Nesseln sind traditionelle, regionale Nutzpflanzen und das perfekte Beispiel f\u00fcr den \u201cNo Waste Lifecycle\u201d, da sie sehr schnell wachsen, auch auf kargem Boden, ohne Sch\u00e4dlingsbek\u00e4mpfungsmittel, und alle ihre Komponenten der Herstellung von Bedarfsg\u00fctern dienen: Fasern f\u00fcr Papier, Textilien oder Kompositwerkstoffe; K\u00f6rner f\u00fcr traditionelle Nahrung und qualitativ hochwertiges \u00d6l; Extrakte f\u00fcr Kosmetika. Sie eignen sich daher hervorragend als Leitmotiv einer \u201cthematic route\u201d, die durch unsere Region f\u00fchrt und die Besucher mit dem \u201cNO WASTE\u201d Konzept \u00fcber konkrete Beispiele und greifbare Produkte vertraut macht. Das Projekt zielt darauf hin, ein gemeinschaftliches Einverst\u00e4ndnis zwischen den aktiven Teilnehmern zu schaffen. Mit der Organisation von Workshops und Meetings sollen die wesentlichen Punkte dieser thematischen Touristenroute ermittelt werden, die Kenntnisse, Recherchen und Aktion verbinden soll. Das w\u00fcrde die Kommerzialisierung der Produkte f\u00f6rdern und die Besucher zum Nachdenken \u00fcber eine ges\u00fcndere und nachhaltigere Zukunft anregen. Ein weiterer, wesentlicher Punkt des Projekts wird die Verbreitung dieser Prinzipien unter Sch\u00fclern mit Vorf\u00fchrungen und Experimenten gemeinsam mit den Schulen.&nbsp;<\/p>\n","protected":false},"excerpt":{"rendered":"<p>Finanziato dal Fondo europeo di sviluppo regionale e Interreg V-A Italia-Austria 2014-2020 Per conoscere ogni step di avanzamento del Progetto, Vi invitiamo a consultare il sito web&nbsp;&nbsp; &nbsp;www.interreg-icap.eu e la pagina FB ICAP &#8211; Interreg V-A Italia Austria 2014 2020 31 marzo 2017 kick-off meeting25 agosto 2017 Secondo meeting15 settembre 2017 &#8211; Nanoceramica per l\u2019industria [&hellip;]<\/p>\n","protected":false},"featured_media":5709,"menu_order":0,"template":"","format":"standard","meta":{"_acf_changed":false},"categories":[39],"tags":[12],"class_list":["post-433","portfolio","type-portfolio","status-publish","format-standard","has-post-thumbnail","hentry","category-progetti-conclusi","tag-interreg"],"acf":[],"yoast_head":"<!-- This site is optimized with the Yoast SEO plugin v27.4 - https:\/\/yoast.com\/product\/yoast-seo-wordpress\/ -->\n<title>ICAP - Innovazione tramite applicazioni combinate delle tecnologie al Plasma - Certottica<\/title>\n<meta name=\"robots\" content=\"index, follow, max-snippet:-1, max-image-preview:large, max-video-preview:-1\" \/>\n<link rel=\"canonical\" href=\"https:\/\/certottica.it\/portfolio\/icap-innovazione-tramite-applicazioni-combinate-delle-tecnologie-al-plasma\/\" \/>\n<meta property=\"og:locale\" content=\"en_US\" \/>\n<meta property=\"og:type\" content=\"article\" \/>\n<meta property=\"og:title\" content=\"ICAP - Innovazione tramite applicazioni combinate delle tecnologie al Plasma - Certottica\" \/>\n<meta property=\"og:description\" content=\"Finanziato dal Fondo europeo di sviluppo regionale e Interreg V-A Italia-Austria 2014-2020 Per conoscere ogni step di avanzamento del Progetto, Vi invitiamo a consultare il sito web&nbsp;&nbsp; &nbsp;www.interreg-icap.eu e la pagina FB ICAP &#8211; Interreg V-A Italia Austria 2014 2020 31 marzo 2017 kick-off meeting25 agosto 2017 Secondo meeting15 settembre 2017 &#8211; Nanoceramica per l\u2019industria [&hellip;]\" \/>\n<meta property=\"og:url\" content=\"https:\/\/certottica.it\/portfolio\/icap-innovazione-tramite-applicazioni-combinate-delle-tecnologie-al-plasma\/\" \/>\n<meta property=\"og:site_name\" content=\"Certottica\" \/>\n<meta property=\"article:modified_time\" content=\"2023-06-23T10:39:25+00:00\" \/>\n<meta property=\"og:image\" content=\"https:\/\/certottica.it\/wp-content\/uploads\/2022\/09\/icap.jpg\" \/>\n\t<meta property=\"og:image:width\" content=\"1920\" \/>\n\t<meta property=\"og:image:height\" content=\"1280\" \/>\n\t<meta property=\"og:image:type\" content=\"image\/jpeg\" \/>\n<meta name=\"twitter:card\" content=\"summary_large_image\" \/>\n<meta name=\"twitter:label1\" content=\"Est. reading time\" \/>\n\t<meta name=\"twitter:data1\" content=\"4 minutes\" \/>\n<script type=\"application\/ld+json\" class=\"yoast-schema-graph\">{\"@context\":\"https:\\\/\\\/schema.org\",\"@graph\":[{\"@type\":\"WebPage\",\"@id\":\"https:\\\/\\\/certottica.it\\\/portfolio\\\/icap-innovazione-tramite-applicazioni-combinate-delle-tecnologie-al-plasma\\\/\",\"url\":\"https:\\\/\\\/certottica.it\\\/portfolio\\\/icap-innovazione-tramite-applicazioni-combinate-delle-tecnologie-al-plasma\\\/\",\"name\":\"ICAP - Innovazione tramite applicazioni combinate delle tecnologie al Plasma - Certottica\",\"isPartOf\":{\"@id\":\"https:\\\/\\\/certottica.it\\\/#website\"},\"primaryImageOfPage\":{\"@id\":\"https:\\\/\\\/certottica.it\\\/portfolio\\\/icap-innovazione-tramite-applicazioni-combinate-delle-tecnologie-al-plasma\\\/#primaryimage\"},\"image\":{\"@id\":\"https:\\\/\\\/certottica.it\\\/portfolio\\\/icap-innovazione-tramite-applicazioni-combinate-delle-tecnologie-al-plasma\\\/#primaryimage\"},\"thumbnailUrl\":\"https:\\\/\\\/certottica.it\\\/wp-content\\\/uploads\\\/2022\\\/09\\\/icap.jpg\",\"datePublished\":\"2022-09-30T09:08:49+00:00\",\"dateModified\":\"2023-06-23T10:39:25+00:00\",\"breadcrumb\":{\"@id\":\"https:\\\/\\\/certottica.it\\\/portfolio\\\/icap-innovazione-tramite-applicazioni-combinate-delle-tecnologie-al-plasma\\\/#breadcrumb\"},\"inLanguage\":\"en-US\",\"potentialAction\":[{\"@type\":\"ReadAction\",\"target\":[\"https:\\\/\\\/certottica.it\\\/portfolio\\\/icap-innovazione-tramite-applicazioni-combinate-delle-tecnologie-al-plasma\\\/\"]}]},{\"@type\":\"ImageObject\",\"inLanguage\":\"en-US\",\"@id\":\"https:\\\/\\\/certottica.it\\\/portfolio\\\/icap-innovazione-tramite-applicazioni-combinate-delle-tecnologie-al-plasma\\\/#primaryimage\",\"url\":\"https:\\\/\\\/certottica.it\\\/wp-content\\\/uploads\\\/2022\\\/09\\\/icap.jpg\",\"contentUrl\":\"https:\\\/\\\/certottica.it\\\/wp-content\\\/uploads\\\/2022\\\/09\\\/icap.jpg\",\"width\":1920,\"height\":1280},{\"@type\":\"BreadcrumbList\",\"@id\":\"https:\\\/\\\/certottica.it\\\/portfolio\\\/icap-innovazione-tramite-applicazioni-combinate-delle-tecnologie-al-plasma\\\/#breadcrumb\",\"itemListElement\":[{\"@type\":\"ListItem\",\"position\":1,\"name\":\"Home\",\"item\":\"https:\\\/\\\/certottica.it\\\/en\\\/certottica\\\/\"},{\"@type\":\"ListItem\",\"position\":2,\"name\":\"ICAP &#8211; Innovazione tramite applicazioni combinate delle tecnologie al Plasma\"}]},{\"@type\":\"WebSite\",\"@id\":\"https:\\\/\\\/certottica.it\\\/#website\",\"url\":\"https:\\\/\\\/certottica.it\\\/\",\"name\":\"Certottica\",\"description\":\"Istituto Italiano di Certificazione dei prodotti ottici\",\"publisher\":{\"@id\":\"https:\\\/\\\/certottica.it\\\/#organization\"},\"potentialAction\":[{\"@type\":\"SearchAction\",\"target\":{\"@type\":\"EntryPoint\",\"urlTemplate\":\"https:\\\/\\\/certottica.it\\\/?s={search_term_string}\"},\"query-input\":{\"@type\":\"PropertyValueSpecification\",\"valueRequired\":true,\"valueName\":\"search_term_string\"}}],\"inLanguage\":\"en-US\"},{\"@type\":\"Organization\",\"@id\":\"https:\\\/\\\/certottica.it\\\/#organization\",\"name\":\"Certottica\",\"url\":\"https:\\\/\\\/certottica.it\\\/\",\"logo\":{\"@type\":\"ImageObject\",\"inLanguage\":\"en-US\",\"@id\":\"https:\\\/\\\/certottica.it\\\/#\\\/schema\\\/logo\\\/image\\\/\",\"url\":\"https:\\\/\\\/certottica.it\\\/wp-content\\\/uploads\\\/2022\\\/11\\\/cropped-loghi-blu-02.png\",\"contentUrl\":\"https:\\\/\\\/certottica.it\\\/wp-content\\\/uploads\\\/2022\\\/11\\\/cropped-loghi-blu-02.png\",\"width\":795,\"height\":227,\"caption\":\"Certottica\"},\"image\":{\"@id\":\"https:\\\/\\\/certottica.it\\\/#\\\/schema\\\/logo\\\/image\\\/\"}}]}<\/script>\n<!-- \/ Yoast SEO plugin. -->","yoast_head_json":{"title":"ICAP - Innovazione tramite applicazioni combinate delle tecnologie al Plasma - Certottica","robots":{"index":"index","follow":"follow","max-snippet":"max-snippet:-1","max-image-preview":"max-image-preview:large","max-video-preview":"max-video-preview:-1"},"canonical":"https:\/\/certottica.it\/portfolio\/icap-innovazione-tramite-applicazioni-combinate-delle-tecnologie-al-plasma\/","og_locale":"en_US","og_type":"article","og_title":"ICAP - Innovazione tramite applicazioni combinate delle tecnologie al Plasma - Certottica","og_description":"Finanziato dal Fondo europeo di sviluppo regionale e Interreg V-A Italia-Austria 2014-2020 Per conoscere ogni step di avanzamento del Progetto, Vi invitiamo a consultare il sito web&nbsp;&nbsp; &nbsp;www.interreg-icap.eu e la pagina FB ICAP &#8211; Interreg V-A Italia Austria 2014 2020 31 marzo 2017 kick-off meeting25 agosto 2017 Secondo meeting15 settembre 2017 &#8211; Nanoceramica per l\u2019industria [&hellip;]","og_url":"https:\/\/certottica.it\/portfolio\/icap-innovazione-tramite-applicazioni-combinate-delle-tecnologie-al-plasma\/","og_site_name":"Certottica","article_modified_time":"2023-06-23T10:39:25+00:00","og_image":[{"width":1920,"height":1280,"url":"https:\/\/certottica.it\/wp-content\/uploads\/2022\/09\/icap.jpg","type":"image\/jpeg"}],"twitter_card":"summary_large_image","twitter_misc":{"Est. reading time":"4 minutes"},"schema":{"@context":"https:\/\/schema.org","@graph":[{"@type":"WebPage","@id":"https:\/\/certottica.it\/portfolio\/icap-innovazione-tramite-applicazioni-combinate-delle-tecnologie-al-plasma\/","url":"https:\/\/certottica.it\/portfolio\/icap-innovazione-tramite-applicazioni-combinate-delle-tecnologie-al-plasma\/","name":"ICAP - Innovazione tramite applicazioni combinate delle tecnologie al Plasma - Certottica","isPartOf":{"@id":"https:\/\/certottica.it\/#website"},"primaryImageOfPage":{"@id":"https:\/\/certottica.it\/portfolio\/icap-innovazione-tramite-applicazioni-combinate-delle-tecnologie-al-plasma\/#primaryimage"},"image":{"@id":"https:\/\/certottica.it\/portfolio\/icap-innovazione-tramite-applicazioni-combinate-delle-tecnologie-al-plasma\/#primaryimage"},"thumbnailUrl":"https:\/\/certottica.it\/wp-content\/uploads\/2022\/09\/icap.jpg","datePublished":"2022-09-30T09:08:49+00:00","dateModified":"2023-06-23T10:39:25+00:00","breadcrumb":{"@id":"https:\/\/certottica.it\/portfolio\/icap-innovazione-tramite-applicazioni-combinate-delle-tecnologie-al-plasma\/#breadcrumb"},"inLanguage":"en-US","potentialAction":[{"@type":"ReadAction","target":["https:\/\/certottica.it\/portfolio\/icap-innovazione-tramite-applicazioni-combinate-delle-tecnologie-al-plasma\/"]}]},{"@type":"ImageObject","inLanguage":"en-US","@id":"https:\/\/certottica.it\/portfolio\/icap-innovazione-tramite-applicazioni-combinate-delle-tecnologie-al-plasma\/#primaryimage","url":"https:\/\/certottica.it\/wp-content\/uploads\/2022\/09\/icap.jpg","contentUrl":"https:\/\/certottica.it\/wp-content\/uploads\/2022\/09\/icap.jpg","width":1920,"height":1280},{"@type":"BreadcrumbList","@id":"https:\/\/certottica.it\/portfolio\/icap-innovazione-tramite-applicazioni-combinate-delle-tecnologie-al-plasma\/#breadcrumb","itemListElement":[{"@type":"ListItem","position":1,"name":"Home","item":"https:\/\/certottica.it\/en\/certottica\/"},{"@type":"ListItem","position":2,"name":"ICAP &#8211; Innovazione tramite applicazioni combinate delle tecnologie al Plasma"}]},{"@type":"WebSite","@id":"https:\/\/certottica.it\/#website","url":"https:\/\/certottica.it\/","name":"Certottica","description":"Istituto Italiano di Certificazione dei prodotti ottici","publisher":{"@id":"https:\/\/certottica.it\/#organization"},"potentialAction":[{"@type":"SearchAction","target":{"@type":"EntryPoint","urlTemplate":"https:\/\/certottica.it\/?s={search_term_string}"},"query-input":{"@type":"PropertyValueSpecification","valueRequired":true,"valueName":"search_term_string"}}],"inLanguage":"en-US"},{"@type":"Organization","@id":"https:\/\/certottica.it\/#organization","name":"Certottica","url":"https:\/\/certottica.it\/","logo":{"@type":"ImageObject","inLanguage":"en-US","@id":"https:\/\/certottica.it\/#\/schema\/logo\/image\/","url":"https:\/\/certottica.it\/wp-content\/uploads\/2022\/11\/cropped-loghi-blu-02.png","contentUrl":"https:\/\/certottica.it\/wp-content\/uploads\/2022\/11\/cropped-loghi-blu-02.png","width":795,"height":227,"caption":"Certottica"},"image":{"@id":"https:\/\/certottica.it\/#\/schema\/logo\/image\/"}}]}},"_links":{"self":[{"href":"https:\/\/certottica.it\/en\/wp-json\/wp\/v2\/portfolio\/433","targetHints":{"allow":["GET"]}}],"collection":[{"href":"https:\/\/certottica.it\/en\/wp-json\/wp\/v2\/portfolio"}],"about":[{"href":"https:\/\/certottica.it\/en\/wp-json\/wp\/v2\/types\/portfolio"}],"version-history":[{"count":6,"href":"https:\/\/certottica.it\/en\/wp-json\/wp\/v2\/portfolio\/433\/revisions"}],"predecessor-version":[{"id":9021,"href":"https:\/\/certottica.it\/en\/wp-json\/wp\/v2\/portfolio\/433\/revisions\/9021"}],"wp:featuredmedia":[{"embeddable":true,"href":"https:\/\/certottica.it\/en\/wp-json\/wp\/v2\/media\/5709"}],"wp:attachment":[{"href":"https:\/\/certottica.it\/en\/wp-json\/wp\/v2\/media?parent=433"}],"wp:term":[{"taxonomy":"category","embeddable":true,"href":"https:\/\/certottica.it\/en\/wp-json\/wp\/v2\/categories?post=433"},{"taxonomy":"post_tag","embeddable":true,"href":"https:\/\/certottica.it\/en\/wp-json\/wp\/v2\/tags?post=433"}],"curies":[{"name":"wp","href":"https:\/\/api.w.org\/{rel}","templated":true}]}}