{"id":434,"date":"2022-09-30T09:08:51","date_gmt":"2022-09-30T09:08:51","guid":{"rendered":"https:\/\/certottica.it\/index.php\/portfolio\/progetto-01-copy-copy-copy-copy\/"},"modified":"2023-06-23T10:47:12","modified_gmt":"2023-06-23T10:47:12","slug":"progetto-05","status":"publish","type":"portfolio","link":"https:\/\/certottica.it\/en\/portfolio\/progetto-05\/","title":{"rendered":"PMP &#8211; Protezione dalle polveri sottili"},"content":{"rendered":"\n<figure class=\"wp-block-image size-large is-resized\"><img decoding=\"async\" src=\"https:\/\/certottica.it\/wp-content\/uploads\/2023\/06\/Logo_Interreg_DolomitiLive-1024x172.png\" alt=\"\" class=\"wp-image-9025\" width=\"479\" height=\"80\" srcset=\"https:\/\/certottica.it\/wp-content\/uploads\/2023\/06\/Logo_Interreg_DolomitiLive-1024x172.png 1024w, https:\/\/certottica.it\/wp-content\/uploads\/2023\/06\/Logo_Interreg_DolomitiLive-300x50.png 300w, https:\/\/certottica.it\/wp-content\/uploads\/2023\/06\/Logo_Interreg_DolomitiLive-768x129.png 768w, https:\/\/certottica.it\/wp-content\/uploads\/2023\/06\/Logo_Interreg_DolomitiLive-1536x259.png 1536w, https:\/\/certottica.it\/wp-content\/uploads\/2023\/06\/Logo_Interreg_DolomitiLive-2048x345.png 2048w\" sizes=\"(max-width: 479px) 100vw, 479px\" \/><\/figure>\n\n\n\n<figure class=\"wp-block-image size-large is-resized\"><img decoding=\"async\" src=\"https:\/\/certottica.it\/wp-content\/uploads\/2023\/06\/Logoleiste_alle-Partner_PP-1024x117.png\" alt=\"\" class=\"wp-image-9027\" width=\"474\" height=\"53\" srcset=\"https:\/\/certottica.it\/wp-content\/uploads\/2023\/06\/Logoleiste_alle-Partner_PP-1024x117.png 1024w, https:\/\/certottica.it\/wp-content\/uploads\/2023\/06\/Logoleiste_alle-Partner_PP-300x34.png 300w, https:\/\/certottica.it\/wp-content\/uploads\/2023\/06\/Logoleiste_alle-Partner_PP-768x88.png 768w, https:\/\/certottica.it\/wp-content\/uploads\/2023\/06\/Logoleiste_alle-Partner_PP.png 1421w\" sizes=\"(max-width: 474px) 100vw, 474px\" \/><\/figure>\n\n\n\n<p>LP Certottica Scrl<\/p>\n\n\n\n<p>P1 TIR MICADO SMART ENGINEERING GmbH<\/p>\n\n\n\n<p><strong>DURATA<\/strong> 12 mesi<br><strong>Inizio<\/strong> 01\/02\/2017<br><strong>Fine<\/strong> 01\/02\/2018<br><strong>ASSE PRIORITARIO:<\/strong> 4 CLLD-SVILUPPO REGIONALE A LIVELLO LOCALE<br><strong>OBIETTIVO TEMATICO:<\/strong> 9 PROMUOVERE L\u2019INCLUSIONE SOCIALE E COMBATTERE LA POVERTA\u2019 E OGNI DISCRIMINAZIONE<br><strong>OBIETTIVO SPECIFICO:<\/strong> 6 RAFFORZAMENTO DELL\u2019INTEGRAZIONE E DELL\u2019AUTO RESPONSABILITA\u2019 LOCALE NELL\u2019AREA STRETTAMENTE DI CONFINE ATTRAVERSO LA STRATEGIA TRANSFRONTALIERA SECONDO L\u2019APPROCCIO CLLD<br><strong>AZIONE:<\/strong> 15.1 CRESCITA INTELLIGENTE (REALIZZAZIONE DI PROGETTI VOLTI ALLA DIVERSIFICAZIONE DELL\u2019ECONOMIA LOCALE NELLE ZONE DI CONFINE)<br><strong>BANDO DI RIFERIMENTO:<\/strong> Interreg V-A Italia-Austria 2014-2020 \u2013 CLLD &#8211; Bando per progetti MEDI<br><strong>CODICE DEL PROGETTO:<\/strong> ITAT4014<br><br><strong>SOSTEGNO FINANZIARIO DELL\u2019UE FESR 31.186,80 euro<\/strong><br><strong>SOSTEGNO FINANZIARIO NAZIONALE 0 \u20ac<\/strong><br><strong>BUDGET COMPLESSIVO DEL PROGETTO 50.362,60 euro<\/strong><\/p>\n\n\n\n<hr class=\"wp-block-separator has-alpha-channel-opacity linea-articolo\"\/>\n\n\n\n<p class=\"titolo-articolo\"><strong>Descrizione del progetto<\/strong><\/p>\n\n\n\n<p>Certottica e Micado intendono sviluppare lo studio di fattibilit\u00e0 di un dispositivo innovativo costituito da occhiale e maschera filtrante in grado di proteggere occhi e mucose dell\u2019apparato respiratorio dalle insidie delle polveri sottili che periodicamente si riscontrano nell\u2019aria in concentrazioni pericolose, non solo in molti centri urbani ma anche nelle valli. Nel corso degli ultimi decenni le caratteristiche dell\u2019inquinamento dell\u2019aria sono cambiate. Negli anni \u201950 lo smog era costituito da particelle di dimensioni superiori ai 10 \u00b5m che non sono in grado di penetrare nel tratto respiratorio superando la laringe se non in piccola parte. Ora si \u00e8 passati allo smog fotochimico, caratterizzato da particelle solide di dimensioni che scendono fino a 1\u00b5 e non possono essere fermate dalle mucose, quindi penetrano nell\u2019organismo superando la membrana alveolare ed entrando nel sangue. Gli inquinanti atmosferici non conoscono confini! Quelli rilasciati in una zona possono essere trasportati in atmosfera contribuendo o causando un abbassamento della qualit\u00e0 dell\u2019aria in altre zone anche molto distanti tra loro: sui ghiacciai montani ritroviamo le sabbie dei deserti. La necessit\u00e0, quindi, \u00e8 limitare gli effetti nocivi delle polveri sottili su occhi e mucose dell\u2019apparato respiratorio con un dispositivo innovativo che pu\u00f2 essere sviluppato grazie alle competenze presenti sul territorio di Dolomiti Live.<\/p>\n\n\n\n<p class=\"titolo-articolo\"><strong>Risultati ottenuti<\/strong><\/p>\n\n\n\n<p>durante lo sviluppo del progetto \u00e8 emerso che il dispositivo idoneo a proteggere l\u2019apparato respiratorio dalle polveri sottili dovrebbe essere composto da un occhiale unito ad una mascherina. Si tratterebbe quindi di un dispositivo complesso, il cui processo di certificazione sarebbe lungo e costoso, difficilmente sostenibile dal fabbricante che dovrebbe aumentare il prezzo finale del prodotto da immettere sul mercato. In accordo con Micado, si \u00e8 quindi deciso di concentrare lo studio solo su un dispositivo per la protezione degli occhi contro i pollini. Dopo aver effettuato un sondaggio presso le aziende e le consumatori dell\u2019area di programma \u00e8 emerso che tale problematica \u00e8 molto avvertita anche nella zona transfrontaliera (basti pensare che solo in Italia 10 milioni di persone soffrono di una forma di allergia).<\/p>\n\n\n\n<figure class=\"wp-block-image size-large\"><img fetchpriority=\"high\" decoding=\"async\" width=\"1024\" height=\"682\" src=\"https:\/\/certottica.it\/wp-content\/uploads\/2022\/11\/I-PARTNER-ALLEVENTO-FINALE-DEL-PROGETTO-PMP-1024x682.jpg\" alt=\"\" class=\"wp-image-3090\" srcset=\"https:\/\/certottica.it\/wp-content\/uploads\/2022\/11\/I-PARTNER-ALLEVENTO-FINALE-DEL-PROGETTO-PMP-1024x682.jpg 1024w, https:\/\/certottica.it\/wp-content\/uploads\/2022\/11\/I-PARTNER-ALLEVENTO-FINALE-DEL-PROGETTO-PMP-300x200.jpg 300w, https:\/\/certottica.it\/wp-content\/uploads\/2022\/11\/I-PARTNER-ALLEVENTO-FINALE-DEL-PROGETTO-PMP-768x512.jpg 768w, https:\/\/certottica.it\/wp-content\/uploads\/2022\/11\/I-PARTNER-ALLEVENTO-FINALE-DEL-PROGETTO-PMP-1536x1023.jpg 1536w, https:\/\/certottica.it\/wp-content\/uploads\/2022\/11\/I-PARTNER-ALLEVENTO-FINALE-DEL-PROGETTO-PMP.jpg 1600w\" sizes=\"(max-width: 1024px) 100vw, 1024px\" \/><figcaption class=\"wp-element-caption\">Un momento dell&#8217;evento finale<\/figcaption><\/figure>\n\n\n\n<p><\/p>\n\n\n\n<hr class=\"wp-block-separator has-alpha-channel-opacity linea-articolo\"\/>\n\n\n\n<p class=\"titolo-articolo\"><strong>Zusammenfassung des Projekts<\/strong><\/p>\n\n\n\n<p>Das Forschungsinstitut Certottica und die Firma MICADO beabsichtigen, eine Machbarkeitsstudie f\u00fcr eine neue innovative Ausr\u00fcstung, bestehend aus den Hauptkomponenten Brille und Filtermaske, zu entwickeln. Diese Innovation soll die Augen und die Schleimh\u00e4ute der Atemwege vor den Gefahren von feinen Partikeln sch\u00fctzen. Das Problem der Luftverschmutzung tritt nicht nur in vielen st\u00e4dtischen Zentren auf, sondern auch in T\u00e4lern befinden sich oft gef\u00e4hrlich hohe Werte in der Luft. In den letzten Jahrzehnten haben sich die Eigenschaften der Luftverschmutzung zudem ver\u00e4ndert. In den 50er Jahren setzte sich der Smog aus Teilchen mit einer Gr\u00f6\u00dfe von mehr als 10 \u03bcm zusammen, die nicht oder nur in kleinen Teilen \u00fcber den Kehlkopf in die Atemwege eindringen k\u00f6nnten. Heutzutage gibt es zum Beispiel photochemischen Smog, welcher gekennzeichnet ist durch feste Teilchen mit abnehmender Gr\u00f6\u00dfe bis zu 1\u03bc Durchmesser. Diese Art von Smog kann nicht mehr durch die Schleimh\u00e4ute gestoppt werden, und dringt somit in den K\u00f6rper ein, indem er die Lungenbl\u00e4schen (Alveolen) \u00fcberwindet und somit in die Blutbahn des K\u00f6rpers gelangt. Luftschadstoffe kennen aber keine Grenzen! Obwohl die Verschmutzung sich meist in Ballungsr\u00e4umen konzentriert, werden die Partikel in der Atmosph\u00e4re transportiert und senken somit die Luftqualit\u00e4t auch in anderen sehr weit entfernten Gebieten. Man kennt das Ph\u00e4nomen in den Alpen z.B. W\u00fcstensand auf Berggletschern.<\/p>\n\n\n\n<p class=\"titolo-articolo\"><strong>Projektbeschreibung<\/strong><\/p>\n\n\n\n<p>Durch die Verst\u00e4rkung der Luftverschmutzung entsteht die Notwendigkeit, eine innovative Ausr\u00fcstung zu entwickeln, welche die sch\u00e4dlichen Auswirkungen von Feinstaub auf die Augen und Schleimhaut der Atemwege begrenzt.<\/p>\n\n\n\n<p>Das zu l\u00f6sende Problem ist es, die sch\u00e4dlichen Auswirkungen von Partikeln auf die menschliche Gesundheit zu verhindern. Viele Orte k\u00f6nnen die zum Schutz der Gesundheit geltenden Grenzwerte an mehreren Tagen im Jahr nicht einhalten. Die Einwohner haben zudem keine praktischen und wirksamen Mittel um sich zu sch\u00fctzen, da sich die allgemein verf\u00fcgbaren Produkte auf einfache Masken beschr\u00e4nken, welche nur f\u00fcr gr\u00f6\u00dfere Partikel ausgelegt sind und zudem keinen Augenschutz enthalten.<\/p>\n\n\n\n<p>Um diese Probleme zu l\u00f6sen, wird eine Zusammenarbeit zwischen Certottica und MICADO gestartet.<\/p>\n\n\n\n<p>Die Schwierigkeit, ein System zu entwerfen, welches Funktionalit\u00e4t, Praktikabilit\u00e4t und \u00c4sthetik vereint, bildet zudem die Risiken f\u00fcr den Projekterfolg.<\/p>\n\n\n\n<p>Ziel ist es, eine Machbarkeitsstudie einer innovativen Ausr\u00fcstung durchzuf\u00fchren, die den Schutz der Augen und der Schleimh\u00e4ute der Atemwege vereint, sowie die besten geeigneten Materialien und Konstruktionsmerkmale zu finden.<\/p>\n\n\n\n<p>Die vorgesehenen Aktivit\u00e4ten bestehen aus der Studie von Filtermaterialien sowie der Konzeption einer Komplett-Brille mit Maske verpackt in einem attraktiven Design.<\/p>\n\n\n\n<p>Dieses Projekt passt perfekt in die Strategie EUSALP, da vor allem die erste Aktivit\u00e4t der Forschung und Entwicklung gewidmet ist. Zudem entsteht bei diesem Projekt eine interalpine Zusammenarbeit der Kompetenzzentren Certottica (Brillen und Mode-Accessoires) sowie MICADO (Entwicklung von innovativen L\u00f6sungen).<\/p>\n\n\n\n<p>Ein B\u00fcndnis dieser Art kann von den Ergebnissen der angewandten Forschung profitieren, wie im Dokument &#8220;Eine Strategie der Europ\u00e4ischen Union f\u00fcr die Alpenregion&#8221; bef\u00fcrwortet.<\/p>\n\n\n\n<p>Dieses Projekt wird unterschiedliche Unternehmen, Branchen und L\u00e4nder verbinden, die auf dem Gebiet der neuen Werkstoffe und deren Umweltvertr\u00e4glichkeit oft vor den gleichen Herausforderungen stehen.<\/p>\n\n\n\n<p>In Anlehnung an das Arbeitsdokument der Kommission Aktionsplan COM (2015) 366 FINAL w\u00fcrde dieses Projekt zur Festigung eines Forschungsund Innovationssystems in den oben genannten Bereichen f\u00fchren, das somit grenz\u00fcberschreitend, sektor\u00fcbergreifend und von gegenseitigem Nutzen sein wird, was es erm\u00f6glicht, einer Trennung von Forschungs- und Innovationsaktivit\u00e4ten gegen zu wirken.<\/p>\n\n\n\n<p>Wir sprechen von den Schl\u00fcsselbereichen: die Brillen aus Belluno, wo auch heute noch, zwischen den T\u00e4lern des Dolomiten-Weltkulturerbe, das gr\u00f6\u00dfte Industriegebiet in der Brillenwelt ist und die Materialverarbeitung und Mechatronik aus Tirol.<\/p>\n\n\n\n<p>Es gibt zudem einen Zusammenhang mit den regionalen Strategien f\u00fcr intelligente Spezialisierung: Creative Industries und Smart Manufacturing f\u00fcr das Veneto (wo Certottica als Forschungseinrichtung gez\u00e4hlt wird) und Branchen im Bereich &#8220;strategische Lieferketten&#8221;, &#8220;Mechatronik&#8221;, und sogar &#8220;Smart-Manufacturing&#8221; f\u00fcr Tirol.<\/p>\n\n\n\n<p>Um das neue Produkt zu realisieren, bedeutet dies nicht nur eine Sonnenbrille mit einer Filtermaske zu verbinden, sondern auch Materialien und L\u00f6sungen zu untersuchen, die es erlauben ein Produkt zu realisieren, welches nicht nur ein hohes Ma\u00df an Schutz gew\u00e4hrleistet, sondern zugleich auch praktisch und \u00e4sthetisch ist.<\/p>\n\n\n\n<p>Um die Herausforderung bew\u00e4ltigen zu k\u00f6nnen, wird es notwendig sein, sich auf die Suche nach Materialien zu konzentrieren die alle Bed\u00fcrfnisse erf\u00fcllen. Dabei sprechen wir nicht nur von den Materialien der Brille sondern auch der Schutzmaske sowie die Integration dieser z.B. in einem Staufach.<\/p>\n\n\n\n<p>Das bereits vorhandene Potential, ist das Know-How von Certottica und MICADO.<\/p>\n\n\n\n<p>Certottica hat mehrere Messanlagen, die in der Lage sind, die Wirksamkeit der Ausr\u00fcstungen in Hinblick auf den Schutz vor Staub zu messen, MICADO andererseits ist spezialisiert auf das Erarbeiten von innovativen L\u00f6sungen.<\/p>\n\n\n\n<p>Die Studie zielt darauf ab, eine neue High-Tech Schutzausr\u00fcstung zu entwickeln.<\/p>\n\n\n\n<p>Die Entwicklung von Technologien in Bereich Brillen ist eine der Missionen von Certottica, die bereits erfolgreiche Studien \u00fcber Mehrzweck-Brillen und die Entwicklung von 3D-Vision-Ger\u00e4ten abgewickelt hat.<\/p>\n\n\n\n<p>Certottica verf\u00fcgt daher \u00fcber die erforderlichen Kompetenzen um sich mit der Studie von Brillen, Schutzausr\u00fcstungen und deren Zertifizierung befassen zu k\u00f6nnen. Sie verf\u00fcgt \u00fcber optische, chemische und mechanische Laboratorien.<\/p>\n\n\n\n<p>MICADO ist f\u00fchrender Entwickler von innovativen Produkten, hat sich bereits mit der Gestaltung von Brillen befasst, insbesondere mit der Gestaltung von unzerbrechlichen Brillendesigns und hat somit Kompetenzen in der Gestaltung dieser Art von Produkten sowie in der Integration von neuen innovativen Anbauteilen.<\/p>\n","protected":false},"excerpt":{"rendered":"<p>LP Certottica Scrl P1 TIR MICADO SMART ENGINEERING GmbH DURATA 12 mesiInizio 01\/02\/2017Fine 01\/02\/2018ASSE PRIORITARIO: 4 CLLD-SVILUPPO REGIONALE A LIVELLO LOCALEOBIETTIVO TEMATICO: 9 PROMUOVERE L\u2019INCLUSIONE SOCIALE E COMBATTERE LA POVERTA\u2019 E OGNI DISCRIMINAZIONEOBIETTIVO SPECIFICO: 6 RAFFORZAMENTO DELL\u2019INTEGRAZIONE E DELL\u2019AUTO RESPONSABILITA\u2019 LOCALE NELL\u2019AREA STRETTAMENTE DI CONFINE ATTRAVERSO LA STRATEGIA TRANSFRONTALIERA SECONDO L\u2019APPROCCIO CLLDAZIONE: 15.1 CRESCITA INTELLIGENTE [&hellip;]<\/p>\n","protected":false},"featured_media":5715,"menu_order":0,"template":"","format":"standard","meta":{"_acf_changed":false},"categories":[39],"tags":[12],"class_list":["post-434","portfolio","type-portfolio","status-publish","format-standard","has-post-thumbnail","hentry","category-progetti-conclusi","tag-interreg"],"acf":[],"yoast_head":"<!-- This site is optimized with the Yoast SEO plugin v27.4 - https:\/\/yoast.com\/product\/yoast-seo-wordpress\/ -->\n<title>PMP - Protezione dalle polveri sottili - Certottica<\/title>\n<meta name=\"robots\" content=\"index, follow, max-snippet:-1, max-image-preview:large, max-video-preview:-1\" \/>\n<link rel=\"canonical\" href=\"https:\/\/certottica.it\/portfolio\/progetto-05\/\" \/>\n<meta property=\"og:locale\" content=\"en_US\" \/>\n<meta property=\"og:type\" content=\"article\" \/>\n<meta property=\"og:title\" content=\"PMP - Protezione dalle polveri sottili - Certottica\" \/>\n<meta property=\"og:description\" content=\"LP Certottica Scrl P1 TIR MICADO SMART ENGINEERING GmbH DURATA 12 mesiInizio 01\/02\/2017Fine 01\/02\/2018ASSE PRIORITARIO: 4 CLLD-SVILUPPO REGIONALE A LIVELLO LOCALEOBIETTIVO TEMATICO: 9 PROMUOVERE L\u2019INCLUSIONE SOCIALE E COMBATTERE LA POVERTA\u2019 E OGNI DISCRIMINAZIONEOBIETTIVO SPECIFICO: 6 RAFFORZAMENTO DELL\u2019INTEGRAZIONE E DELL\u2019AUTO RESPONSABILITA\u2019 LOCALE NELL\u2019AREA STRETTAMENTE DI CONFINE ATTRAVERSO LA STRATEGIA TRANSFRONTALIERA SECONDO L\u2019APPROCCIO CLLDAZIONE: 15.1 CRESCITA INTELLIGENTE [&hellip;]\" \/>\n<meta property=\"og:url\" content=\"https:\/\/certottica.it\/portfolio\/progetto-05\/\" \/>\n<meta property=\"og:site_name\" content=\"Certottica\" \/>\n<meta property=\"article:modified_time\" content=\"2023-06-23T10:47:12+00:00\" \/>\n<meta property=\"og:image\" content=\"https:\/\/certottica.it\/wp-content\/uploads\/2022\/09\/PMP.jpg\" \/>\n\t<meta property=\"og:image:width\" content=\"1920\" \/>\n\t<meta property=\"og:image:height\" content=\"1280\" \/>\n\t<meta property=\"og:image:type\" content=\"image\/jpeg\" \/>\n<meta name=\"twitter:card\" content=\"summary_large_image\" \/>\n<meta name=\"twitter:label1\" content=\"Est. reading time\" \/>\n\t<meta name=\"twitter:data1\" content=\"8 minutes\" \/>\n<script type=\"application\/ld+json\" class=\"yoast-schema-graph\">{\"@context\":\"https:\\\/\\\/schema.org\",\"@graph\":[{\"@type\":\"WebPage\",\"@id\":\"https:\\\/\\\/certottica.it\\\/portfolio\\\/progetto-05\\\/\",\"url\":\"https:\\\/\\\/certottica.it\\\/portfolio\\\/progetto-05\\\/\",\"name\":\"PMP - Protezione dalle polveri sottili - Certottica\",\"isPartOf\":{\"@id\":\"https:\\\/\\\/certottica.it\\\/#website\"},\"primaryImageOfPage\":{\"@id\":\"https:\\\/\\\/certottica.it\\\/portfolio\\\/progetto-05\\\/#primaryimage\"},\"image\":{\"@id\":\"https:\\\/\\\/certottica.it\\\/portfolio\\\/progetto-05\\\/#primaryimage\"},\"thumbnailUrl\":\"https:\\\/\\\/certottica.it\\\/wp-content\\\/uploads\\\/2022\\\/09\\\/PMP.jpg\",\"datePublished\":\"2022-09-30T09:08:51+00:00\",\"dateModified\":\"2023-06-23T10:47:12+00:00\",\"breadcrumb\":{\"@id\":\"https:\\\/\\\/certottica.it\\\/portfolio\\\/progetto-05\\\/#breadcrumb\"},\"inLanguage\":\"en-US\",\"potentialAction\":[{\"@type\":\"ReadAction\",\"target\":[\"https:\\\/\\\/certottica.it\\\/portfolio\\\/progetto-05\\\/\"]}]},{\"@type\":\"ImageObject\",\"inLanguage\":\"en-US\",\"@id\":\"https:\\\/\\\/certottica.it\\\/portfolio\\\/progetto-05\\\/#primaryimage\",\"url\":\"https:\\\/\\\/certottica.it\\\/wp-content\\\/uploads\\\/2022\\\/09\\\/PMP.jpg\",\"contentUrl\":\"https:\\\/\\\/certottica.it\\\/wp-content\\\/uploads\\\/2022\\\/09\\\/PMP.jpg\",\"width\":1920,\"height\":1280},{\"@type\":\"BreadcrumbList\",\"@id\":\"https:\\\/\\\/certottica.it\\\/portfolio\\\/progetto-05\\\/#breadcrumb\",\"itemListElement\":[{\"@type\":\"ListItem\",\"position\":1,\"name\":\"Home\",\"item\":\"https:\\\/\\\/certottica.it\\\/en\\\/certottica\\\/\"},{\"@type\":\"ListItem\",\"position\":2,\"name\":\"PMP &#8211; Protezione dalle polveri sottili\"}]},{\"@type\":\"WebSite\",\"@id\":\"https:\\\/\\\/certottica.it\\\/#website\",\"url\":\"https:\\\/\\\/certottica.it\\\/\",\"name\":\"Certottica\",\"description\":\"Istituto Italiano di Certificazione dei prodotti ottici\",\"publisher\":{\"@id\":\"https:\\\/\\\/certottica.it\\\/#organization\"},\"potentialAction\":[{\"@type\":\"SearchAction\",\"target\":{\"@type\":\"EntryPoint\",\"urlTemplate\":\"https:\\\/\\\/certottica.it\\\/?s={search_term_string}\"},\"query-input\":{\"@type\":\"PropertyValueSpecification\",\"valueRequired\":true,\"valueName\":\"search_term_string\"}}],\"inLanguage\":\"en-US\"},{\"@type\":\"Organization\",\"@id\":\"https:\\\/\\\/certottica.it\\\/#organization\",\"name\":\"Certottica\",\"url\":\"https:\\\/\\\/certottica.it\\\/\",\"logo\":{\"@type\":\"ImageObject\",\"inLanguage\":\"en-US\",\"@id\":\"https:\\\/\\\/certottica.it\\\/#\\\/schema\\\/logo\\\/image\\\/\",\"url\":\"https:\\\/\\\/certottica.it\\\/wp-content\\\/uploads\\\/2022\\\/11\\\/cropped-loghi-blu-02.png\",\"contentUrl\":\"https:\\\/\\\/certottica.it\\\/wp-content\\\/uploads\\\/2022\\\/11\\\/cropped-loghi-blu-02.png\",\"width\":795,\"height\":227,\"caption\":\"Certottica\"},\"image\":{\"@id\":\"https:\\\/\\\/certottica.it\\\/#\\\/schema\\\/logo\\\/image\\\/\"}}]}<\/script>\n<!-- \/ Yoast SEO plugin. -->","yoast_head_json":{"title":"PMP - Protezione dalle polveri sottili - Certottica","robots":{"index":"index","follow":"follow","max-snippet":"max-snippet:-1","max-image-preview":"max-image-preview:large","max-video-preview":"max-video-preview:-1"},"canonical":"https:\/\/certottica.it\/portfolio\/progetto-05\/","og_locale":"en_US","og_type":"article","og_title":"PMP - Protezione dalle polveri sottili - Certottica","og_description":"LP Certottica Scrl P1 TIR MICADO SMART ENGINEERING GmbH DURATA 12 mesiInizio 01\/02\/2017Fine 01\/02\/2018ASSE PRIORITARIO: 4 CLLD-SVILUPPO REGIONALE A LIVELLO LOCALEOBIETTIVO TEMATICO: 9 PROMUOVERE L\u2019INCLUSIONE SOCIALE E COMBATTERE LA POVERTA\u2019 E OGNI DISCRIMINAZIONEOBIETTIVO SPECIFICO: 6 RAFFORZAMENTO DELL\u2019INTEGRAZIONE E DELL\u2019AUTO RESPONSABILITA\u2019 LOCALE NELL\u2019AREA STRETTAMENTE DI CONFINE ATTRAVERSO LA STRATEGIA TRANSFRONTALIERA SECONDO L\u2019APPROCCIO CLLDAZIONE: 15.1 CRESCITA INTELLIGENTE [&hellip;]","og_url":"https:\/\/certottica.it\/portfolio\/progetto-05\/","og_site_name":"Certottica","article_modified_time":"2023-06-23T10:47:12+00:00","og_image":[{"width":1920,"height":1280,"url":"https:\/\/certottica.it\/wp-content\/uploads\/2022\/09\/PMP.jpg","type":"image\/jpeg"}],"twitter_card":"summary_large_image","twitter_misc":{"Est. reading time":"8 minutes"},"schema":{"@context":"https:\/\/schema.org","@graph":[{"@type":"WebPage","@id":"https:\/\/certottica.it\/portfolio\/progetto-05\/","url":"https:\/\/certottica.it\/portfolio\/progetto-05\/","name":"PMP - Protezione dalle polveri sottili - Certottica","isPartOf":{"@id":"https:\/\/certottica.it\/#website"},"primaryImageOfPage":{"@id":"https:\/\/certottica.it\/portfolio\/progetto-05\/#primaryimage"},"image":{"@id":"https:\/\/certottica.it\/portfolio\/progetto-05\/#primaryimage"},"thumbnailUrl":"https:\/\/certottica.it\/wp-content\/uploads\/2022\/09\/PMP.jpg","datePublished":"2022-09-30T09:08:51+00:00","dateModified":"2023-06-23T10:47:12+00:00","breadcrumb":{"@id":"https:\/\/certottica.it\/portfolio\/progetto-05\/#breadcrumb"},"inLanguage":"en-US","potentialAction":[{"@type":"ReadAction","target":["https:\/\/certottica.it\/portfolio\/progetto-05\/"]}]},{"@type":"ImageObject","inLanguage":"en-US","@id":"https:\/\/certottica.it\/portfolio\/progetto-05\/#primaryimage","url":"https:\/\/certottica.it\/wp-content\/uploads\/2022\/09\/PMP.jpg","contentUrl":"https:\/\/certottica.it\/wp-content\/uploads\/2022\/09\/PMP.jpg","width":1920,"height":1280},{"@type":"BreadcrumbList","@id":"https:\/\/certottica.it\/portfolio\/progetto-05\/#breadcrumb","itemListElement":[{"@type":"ListItem","position":1,"name":"Home","item":"https:\/\/certottica.it\/en\/certottica\/"},{"@type":"ListItem","position":2,"name":"PMP &#8211; Protezione dalle polveri sottili"}]},{"@type":"WebSite","@id":"https:\/\/certottica.it\/#website","url":"https:\/\/certottica.it\/","name":"Certottica","description":"Istituto Italiano di Certificazione dei prodotti ottici","publisher":{"@id":"https:\/\/certottica.it\/#organization"},"potentialAction":[{"@type":"SearchAction","target":{"@type":"EntryPoint","urlTemplate":"https:\/\/certottica.it\/?s={search_term_string}"},"query-input":{"@type":"PropertyValueSpecification","valueRequired":true,"valueName":"search_term_string"}}],"inLanguage":"en-US"},{"@type":"Organization","@id":"https:\/\/certottica.it\/#organization","name":"Certottica","url":"https:\/\/certottica.it\/","logo":{"@type":"ImageObject","inLanguage":"en-US","@id":"https:\/\/certottica.it\/#\/schema\/logo\/image\/","url":"https:\/\/certottica.it\/wp-content\/uploads\/2022\/11\/cropped-loghi-blu-02.png","contentUrl":"https:\/\/certottica.it\/wp-content\/uploads\/2022\/11\/cropped-loghi-blu-02.png","width":795,"height":227,"caption":"Certottica"},"image":{"@id":"https:\/\/certottica.it\/#\/schema\/logo\/image\/"}}]}},"_links":{"self":[{"href":"https:\/\/certottica.it\/en\/wp-json\/wp\/v2\/portfolio\/434","targetHints":{"allow":["GET"]}}],"collection":[{"href":"https:\/\/certottica.it\/en\/wp-json\/wp\/v2\/portfolio"}],"about":[{"href":"https:\/\/certottica.it\/en\/wp-json\/wp\/v2\/types\/portfolio"}],"version-history":[{"count":4,"href":"https:\/\/certottica.it\/en\/wp-json\/wp\/v2\/portfolio\/434\/revisions"}],"predecessor-version":[{"id":9029,"href":"https:\/\/certottica.it\/en\/wp-json\/wp\/v2\/portfolio\/434\/revisions\/9029"}],"wp:featuredmedia":[{"embeddable":true,"href":"https:\/\/certottica.it\/en\/wp-json\/wp\/v2\/media\/5715"}],"wp:attachment":[{"href":"https:\/\/certottica.it\/en\/wp-json\/wp\/v2\/media?parent=434"}],"wp:term":[{"taxonomy":"category","embeddable":true,"href":"https:\/\/certottica.it\/en\/wp-json\/wp\/v2\/categories?post=434"},{"taxonomy":"post_tag","embeddable":true,"href":"https:\/\/certottica.it\/en\/wp-json\/wp\/v2\/tags?post=434"}],"curies":[{"name":"wp","href":"https:\/\/api.w.org\/{rel}","templated":true}]}}